{"id":113,"date":"2022-06-28T13:52:54","date_gmt":"2022-06-28T11:52:54","guid":{"rendered":"https:\/\/www.aon.es\/profesionales\/seme\/?page_id=113"},"modified":"2023-06-15T16:30:39","modified_gmt":"2023-06-15T14:30:39","slug":"seguro-vida","status":"publish","type":"page","link":"https:\/\/www.aon.es\/profesionales\/seme\/seguro-vida\/","title":{"rendered":"Seguro de Vida"},"content":{"rendered":"\n<style type=\"text\/css\" data-created_by=\"avia_inline_auto\" id=\"style-css-av-l3vqqpkr-e259d72d58403e0d843cd2521f52113a\">\n.avia-section.av-l3vqqpkr-e259d72d58403e0d843cd2521f52113a{\nbackground-repeat:no-repeat;\nbackground-image:url(https:\/\/www.aon.es\/profesionales\/seme\/wp-content\/uploads\/sites\/9\/2022\/06\/cabecera-vida-SEME-2.jpg);\nbackground-position:0% 50%;\nbackground-attachment:fixed;\n}\n<\/style>\n<div id='av_section_1'  class='avia-section av-l3vqqpkr-e259d72d58403e0d843cd2521f52113a main_color avia-section-default avia-no-border-styling  avia-builder-el-0  el_before_av_section  avia-builder-el-first  av-small-hide av-mini-hide avia-full-contain avia-bg-style-fixed av-minimum-height av-minimum-height-50 av-height-50  container_wrap sidebar_right'  data-section-bg-repeat='contain' data-av_minimum_height_pc='50' data-av_min_height_opt='50'><div class='container av-section-cont-open' ><main  role=\"main\" itemprop=\"mainContentOfPage\"  class='template-page content  av-content-small alpha units'><div class='post-entry post-entry-type-page post-entry-113'><div class='entry-content-wrapper clearfix'>\n<div  class='flex_column av-55ny-3eddeb72fc3500932947ce5e1c347a97 av_one_half  avia-builder-el-1  el_before_av_one_half  avia-builder-el-first  first flex_column_div  '     ><section  class='av_textblock_section av-l3vqfkun-cf9184d5d1088cd464e104b3b0933f44 '   itemscope=\"itemscope\" itemtype=\"https:\/\/schema.org\/CreativeWork\" ><div class='avia_textblock'  itemprop=\"text\" ><h1>Seguro de Vida<\/h1>\n<\/div><\/section><br \/>\n<section  class='av_textblock_section av-l3vqlgoj-0863d2b1d7320315bf43693c872b7aa6 '   itemscope=\"itemscope\" itemtype=\"https:\/\/schema.org\/CreativeWork\" ><div class='avia_textblock'  itemprop=\"text\" ><h3>Accede a los seguros especialmente dise\u00f1ados para los integrantes de la Sociedad Espa\u00f1ola de Medicina Est\u00e9tica<\/h3>\n<\/div><\/section><br \/>\n<section  class='av_textblock_section av-143rd-bcf53dd7f8cd34807c9fafd6977b2a6a '   itemscope=\"itemscope\" itemtype=\"https:\/\/schema.org\/CreativeWork\" ><div class='avia_textblock'  itemprop=\"text\" ><p>Prot\u00e9gete a ti y a los tuyos con este seguro de vida dise\u00f1ado especialmente para los profesionales de la Sociedad Espa\u00f1ola de Medicina Est\u00e9tica.<\/p>\n<\/div><\/section><br \/>\n\n<style type=\"text\/css\" data-created_by=\"avia_inline_auto\" id=\"style-css-av-l4zq76g2-6f178834cd725ddf62f830c9b44c1fb6\">\n#top .hr.hr-invisible.av-l4zq76g2-6f178834cd725ddf62f830c9b44c1fb6{\nheight:16px;\n}\n<\/style>\n<div  class='hr av-l4zq76g2-6f178834cd725ddf62f830c9b44c1fb6 hr-invisible  avia-builder-el-5  el_after_av_textblock  el_before_av_button '><span class='hr-inner '><span class=\"hr-inner-style\"><\/span><\/span><\/div><br \/>\n<div  class='avia-button-wrap av-gupwp-482f7141a0f9ce65fc71e8d7b0eb6848-wrap avia-button-left  avia-builder-el-6  el_after_av_hr  avia-builder-el-last '>\n<style type=\"text\/css\" data-created_by=\"avia_inline_auto\" id=\"style-css-av-gupwp-482f7141a0f9ce65fc71e8d7b0eb6848\">\n#top #wrap_all .avia-button.av-gupwp-482f7141a0f9ce65fc71e8d7b0eb6848{\nbackground-color:#eb0017;\nborder-color:#eb0017;\ntransition:all 0.4s ease-in-out;\n}\n#top #wrap_all .avia-button.av-gupwp-482f7141a0f9ce65fc71e8d7b0eb6848:hover{\ncolor:white;\ntransition:all 0.4s ease-in-out;\n}\n#top #wrap_all .avia-button.av-gupwp-482f7141a0f9ce65fc71e8d7b0eb6848:hover .avia-svg-icon svg:first-child{\nfill:white;\nstroke:white;\n}\n<\/style>\n<a href='https:\/\/www.aon.es\/profesionales\/seme\/seguro-vida\/#contacto'  class='avia-button av-gupwp-482f7141a0f9ce65fc71e8d7b0eb6848 av-link-btn avia-icon_select-no avia-size-medium avia-position-left avia-font-color-theme-color'   aria-label=\"Solicitar informaci\u00f3n\"><span class='avia_iconbox_title' >Solicitar informaci\u00f3n<\/span><span class='avia_button_background avia-button avia-color-theme-color' ><\/span><\/a><\/div><\/p><\/div><div  class='flex_column av-wj8i-2689ec7f8e8ea316c6e87f186f8ef065 av_one_half  avia-builder-el-7  el_after_av_one_half  avia-builder-el-last  flex_column_div  '     ><\/div>\n\n<\/div><\/div><\/main><!-- close content main element --><\/div><\/div>\n<style type=\"text\/css\" data-created_by=\"avia_inline_auto\" id=\"style-css-av-l4gsimp4-f12e563b1c0a1c28e53aef6d84d8646f\">\n.avia-section.av-l4gsimp4-f12e563b1c0a1c28e53aef6d84d8646f{\nbackground-repeat:no-repeat;\nbackground-image:url(https:\/\/www.aon.es\/profesionales\/seme\/wp-content\/uploads\/sites\/9\/2022\/06\/cabeceras-SEME_1.jpg);\nbackground-position:0% 50%;\nbackground-attachment:fixed;\n}\n<\/style>\n<div id='av_section_2'  class='avia-section av-l4gsimp4-f12e563b1c0a1c28e53aef6d84d8646f main_color avia-section-default avia-no-border-styling  avia-builder-el-8  el_after_av_section  el_before_av_section  av-desktop-hide av-medium-hide avia-full-stretch avia-bg-style-fixed av-minimum-height av-minimum-height-50 av-height-50  container_wrap sidebar_right'  data-section-bg-repeat='stretch' data-av_minimum_height_pc='50' data-av_min_height_opt='50'><div class='container av-section-cont-open' ><div class='template-page content  av-content-small alpha units'><div class='post-entry post-entry-type-page post-entry-113'><div class='entry-content-wrapper clearfix'>\n<div  class='flex_column av-324da-e9931bc5d44bd416416b106f1df8f5c2 av_one_half  avia-builder-el-9  el_before_av_one_half  avia-builder-el-first  first flex_column_div  '     ><section  class='av_textblock_section av-2qo96-d95073136cc71ada8c395036fed247ce '   itemscope=\"itemscope\" itemtype=\"https:\/\/schema.org\/CreativeWork\" ><div class='avia_textblock'  itemprop=\"text\" ><h1>Seguro de Vida<\/h1>\n<\/div><\/section><br \/>\n<section  class='av_textblock_section av-244de-d48e4e6e6ad98cf9bd8bcac09dee1be9 '   itemscope=\"itemscope\" itemtype=\"https:\/\/schema.org\/CreativeWork\" ><div class='avia_textblock'  itemprop=\"text\" ><h3>Accede a los seguros especialmente dise\u00f1ados para los integrantes de la Sociedad Espa\u00f1ola de Medicina Est\u00e9tica<\/h3>\n<\/div><\/section><br \/>\n<section  class='av_textblock_section av-l3vqmj63-5b0ba6a1d6a07fba3d4c4a7231724b33 '   itemscope=\"itemscope\" itemtype=\"https:\/\/schema.org\/CreativeWork\" ><div class='avia_textblock'  itemprop=\"text\" ><p>Prot\u00e9gete a ti y a los tuyos con este seguro de vida dise\u00f1ado especialmente para los profesionales de la Sociedad Espa\u00f1ola de Medicina Est\u00e9tica.<\/p>\n<\/div><\/section><br \/>\n\n<style type=\"text\/css\" data-created_by=\"avia_inline_auto\" id=\"style-css-av-8faap-b1c26784f2a6fbef2e03519574b623e4\">\n#top .hr.hr-invisible.av-8faap-b1c26784f2a6fbef2e03519574b623e4{\nheight:16px;\n}\n<\/style>\n<div  class='hr av-8faap-b1c26784f2a6fbef2e03519574b623e4 hr-invisible  avia-builder-el-13  el_after_av_textblock  el_before_av_button '><span class='hr-inner '><span class=\"hr-inner-style\"><\/span><\/span><\/div><br \/>\n<div  class='avia-button-wrap av-l3vr0mj2-8a6f26df1de0fe9b5c456ccfb2dcaed3-wrap avia-button-left  avia-builder-el-14  el_after_av_hr  avia-builder-el-last '>\n<style type=\"text\/css\" data-created_by=\"avia_inline_auto\" id=\"style-css-av-l3vr0mj2-8a6f26df1de0fe9b5c456ccfb2dcaed3\">\n#top #wrap_all .avia-button.av-l3vr0mj2-8a6f26df1de0fe9b5c456ccfb2dcaed3{\nbackground-color:#eb0017;\nborder-color:#eb0017;\ntransition:all 0.4s ease-in-out;\n}\n#top #wrap_all .avia-button.av-l3vr0mj2-8a6f26df1de0fe9b5c456ccfb2dcaed3:hover{\ncolor:white;\ntransition:all 0.4s ease-in-out;\n}\n#top #wrap_all .avia-button.av-l3vr0mj2-8a6f26df1de0fe9b5c456ccfb2dcaed3:hover .avia-svg-icon svg:first-child{\nfill:white;\nstroke:white;\n}\n<\/style>\n<a href='https:\/\/www.aon.es\/profesionales\/seme\/seguro-vida\/#contacto'  class='avia-button av-l3vr0mj2-8a6f26df1de0fe9b5c456ccfb2dcaed3 av-link-btn avia-icon_select-no avia-size-medium avia-position-left avia-font-color-theme-color'   aria-label=\"Solicitar informaci\u00f3n\"><span class='avia_iconbox_title' >Solicitar informaci\u00f3n<\/span><span class='avia_button_background avia-button avia-color-theme-color' ><\/span><\/a><\/div><\/p><\/div><div  class='flex_column av-166m2-67634e97b7c046eab113268d568aa81b av_one_half  avia-builder-el-15  el_after_av_one_half  avia-builder-el-last  flex_column_div  '     ><\/div>\n\n<\/div><\/div><\/div><!-- close content main div --><\/div><\/div>\n<style type=\"text\/css\" data-created_by=\"avia_inline_auto\" id=\"style-css-av-1z57e-ad0643313ee86a39067746bc74d8a16d\">\n.avia-section.av-1z57e-ad0643313ee86a39067746bc74d8a16d{\nbackground-color:#262836;\nbackground-image:unset;\n}\n<\/style>\n<div id='coberturas'  class='avia-section av-1z57e-ad0643313ee86a39067746bc74d8a16d main_color avia-section-default avia-no-border-styling  avia-builder-el-16  el_after_av_section  el_before_av_section  avia-bg-style-scroll container_wrap sidebar_right'  ><div class='container av-section-cont-open' ><div class='template-page content  av-content-small alpha units'><div class='post-entry post-entry-type-page post-entry-113'><div class='entry-content-wrapper clearfix'>\n<div class='flex_column_table av-11l0y-c9896132861931d86039b3661e1aa95c sc-av_two_fifth av-equal-height-column-flextable'>\n<style type=\"text\/css\" data-created_by=\"avia_inline_auto\" id=\"style-css-av-11l0y-c9896132861931d86039b3661e1aa95c\">\n.flex_column.av-11l0y-c9896132861931d86039b3661e1aa95c{\nborder-radius:4px 4px 4px 4px;\npadding:32px 32px 32px 32px;\n}\n<\/style>\n<div  class='flex_column av-11l0y-c9896132861931d86039b3661e1aa95c av_two_fifth  avia-builder-el-17  el_before_av_three_fifth  avia-builder-el-first  first flex_column_table_cell av-equal-height-column av-align-middle  '     ><style type=\"text\/css\" data-created_by=\"avia_inline_auto\" id=\"style-css-av-l3yevnql-f3104b2af6945babe3f8d5bddbd7a29c\">\n#top .av_textblock_section.av-l3yevnql-f3104b2af6945babe3f8d5bddbd7a29c .avia_textblock{\ncolor:#e5eff0;\n}\n<\/style>\n<section  class='av_textblock_section av-l3yevnql-f3104b2af6945babe3f8d5bddbd7a29c '   itemscope=\"itemscope\" itemtype=\"https:\/\/schema.org\/CreativeWork\" ><div class='avia_textblock av_inherit_color'  itemprop=\"text\" ><h2><strong>\u00bfQu\u00e9 cubre el Seguro de Vida para M\u00e9dicos Est\u00e9ticos SEME?<\/strong><\/h2>\n<\/div><\/section><\/div><div class='av-flex-placeholder'><\/div><div  class='flex_column av-1cely-18fe2d4c3d05ace56a5db8bfac35ad3a av_three_fifth  avia-builder-el-19  el_after_av_two_fifth  avia-builder-el-last  flex_column_table_cell av-equal-height-column av-align-middle  '     ><style type=\"text\/css\" data-created_by=\"avia_inline_auto\" id=\"style-css-av-l3yf586h-8f624d65942c189a591d3cf233f5b972\">\n#top .togglecontainer.av-l3yf586h-8f624d65942c189a591d3cf233f5b972 p.toggler{\nbackground-color:#ffffff;\nborder-color:#E5EFF0;\n}\n#top .togglecontainer.av-l3yf586h-8f624d65942c189a591d3cf233f5b972 p.toggler.activeTitle{\ncolor:#007585;\nborder-color:#007585;\n}\n#top .togglecontainer.av-l3yf586h-8f624d65942c189a591d3cf233f5b972 p.toggler .toggle_icon{\ncolor:#007585;\nborder-color:#007585;\n}\n#top .togglecontainer.av-l3yf586h-8f624d65942c189a591d3cf233f5b972 p.toggler .toggle_icon > span{\ncolor:#007585;\nborder-color:#007585;\n}\n#top .togglecontainer.av-l3yf586h-8f624d65942c189a591d3cf233f5b972 .toggle_wrap .toggle_content{\nbackground-color:#ffffff;\nborder-color:#E5EFF0;\n}\n<\/style>\n<div  class='togglecontainer av-l3yf586h-8f624d65942c189a591d3cf233f5b972  avia-builder-el-20  avia-builder-el-no-sibling  toggle_close_all' >\n<section class='av_toggle_section av-l3yf01y8-2ed43fd9daf8bd2df96d4cda323a9a75'  itemscope=\"itemscope\" itemtype=\"https:\/\/schema.org\/CreativeWork\" ><div role=\"tablist\" class=\"single_toggle\" data-tags=\"{Todo} \"  ><p id='toggle-toggle-id-1' data-fake-id='#toggle-id-1' class='toggler  av-title-above av-inherit-border-color'  itemprop=\"headline\"  role='tab' tabindex='0' aria-controls='toggle-id-1' data-slide-speed=\"200\" data-title=\"Cobertura principal\" data-title-open=\"\" data-aria_collapsed=\"Click to expand: Cobertura principal\" data-aria_expanded=\"Click to collapse: Cobertura principal\">Cobertura principal<span class=\"toggle_icon\"><span class=\"vert_icon\"><\/span><span class=\"hor_icon\"><\/span><\/span><\/p><div id='toggle-id-1' aria-labelledby='toggle-toggle-id-1' role='region' class='toggle_wrap  av-title-above'  ><div class='toggle_content invers-color av-inherit-border-color'  itemprop=\"text\" ><ul>\n<li><strong>Fallecimiento por cualquier causa:<\/strong>\n<ul>\n<li>El fallecimiento del Asegurado durante el plazo de vigencia del contrato de Seguro.<\/li>\n<\/ul>\n<\/li>\n<\/ul>\n<p><strong>Incluye Asistencia jur\u00eddica,<\/strong>\u00a0un servicio de orientaci\u00f3n, gesti\u00f3n o asesoramiento \u00a0en caso de siniestro <strong>y segunda opini\u00f3n m\u00e9dica<\/strong> no presencial con acceso a las observaciones y recomendaciones de especialistas de referencia a nivel internacional acerca de su diagn\u00f3stico y opciones de tratamiento.<\/p>\n<\/div><\/div><\/div><\/section>\n<section class='av_toggle_section av-l3yf1luq-79225b01ef5bc5d1bb566b9fd5351a1e'  itemscope=\"itemscope\" itemtype=\"https:\/\/schema.org\/CreativeWork\" ><div role=\"tablist\" class=\"single_toggle\" data-tags=\"{Todo} \"  ><p id='toggle-toggle-id-2' data-fake-id='#toggle-id-2' class='toggler  av-title-above av-inherit-border-color'  itemprop=\"headline\"  role='tab' tabindex='0' aria-controls='toggle-id-2' data-slide-speed=\"200\" data-title=\"Garant\u00edas complementarias\" data-title-open=\"\" data-aria_collapsed=\"Click to expand: Garant\u00edas complementarias\" data-aria_expanded=\"Click to collapse: Garant\u00edas complementarias\">Garant\u00edas complementarias<span class=\"toggle_icon\"><span class=\"vert_icon\"><\/span><span class=\"hor_icon\"><\/span><\/span><\/p><div id='toggle-id-2' aria-labelledby='toggle-toggle-id-2' role='region' class='toggle_wrap  av-title-above'  ><div class='toggle_content invers-color av-inherit-border-color'  itemprop=\"text\" ><ul>\n<li><strong>Incapacidad Permanente Absoluta<\/strong>\n<ul>\n<li>P\u00e9rdida org\u00e1nica o funcional de los miembros y facultades del Asegurado de car\u00e1cter permanente e irreversible, cuya intensidad le incapacite para TODO trabajo y actividad laboral o profesional.<\/li>\n<\/ul>\n<\/li>\n<li><strong>Gran invalidez<\/strong>\n<ul>\n<li>Situaci\u00f3n f\u00edsica irreversible provocada por un accidente o enfermedad que determine la necesidad de ASISTENCIA DE OTRA PERSONA para llevar a cabo los actos m\u00e1s esenciales de la vida tales como vestirse, desplazarse, comer o an\u00e1logos.<\/li>\n<\/ul>\n<\/li>\n<\/ul>\n<\/div><\/div><\/div><\/section>\n<\/div><\/div><\/div><!--close column table wrapper. Autoclose: 1 -->\n\n<\/div><\/div><\/div><!-- close content main div --><\/div><\/div><div id='av_section_4'  class='avia-section av-7fi16-132b39888274f386b8dc8c93c1ee6f69 main_color avia-section-default avia-no-border-styling  avia-builder-el-21  el_after_av_section  el_before_av_section  avia-bg-style-scroll container_wrap sidebar_right'  ><div class='container av-section-cont-open' ><div class='template-page content  av-content-small alpha units'><div class='post-entry post-entry-type-page post-entry-113'><div class='entry-content-wrapper clearfix'>\n\n<style type=\"text\/css\" data-created_by=\"avia_inline_auto\" id=\"style-css-av-l4fo1ur6-f64a5a3145cd24b92bd40ed015958cff\">\n.avia-image-container.av-l4fo1ur6-f64a5a3145cd24b92bd40ed015958cff img.avia_image{\nbox-shadow:none;\n}\n.avia-image-container.av-l4fo1ur6-f64a5a3145cd24b92bd40ed015958cff .av-image-caption-overlay-center{\ncolor:#ffffff;\n}\n<\/style>\n<div  class='avia-image-container av-l4fo1ur6-f64a5a3145cd24b92bd40ed015958cff av-styling-no-styling avia-align-center  avia-builder-el-22  el_before_av_three_fifth  avia-builder-el-first  av-desktop-hide av-medium-hide'   itemprop=\"image\" itemscope=\"itemscope\" itemtype=\"https:\/\/schema.org\/ImageObject\" ><div class=\"avia-image-container-inner\"><div class=\"avia-image-overlay-wrap\"><img decoding=\"async\" fetchpriority=\"high\" class='wp-image-156 avia-img-lazy-loading-not-156 avia_image ' src=\"https:\/\/www.aon.es\/profesionales\/seme\/wp-content\/uploads\/sites\/9\/2022\/06\/app-moove.png\" alt='Seguros de Responsabilidad Civil Profesional para profesionales de la Medicina Est\u00e9tica' title='app-moove'  height=\"500\" width=\"500\"  itemprop=\"thumbnailUrl\" srcset=\"https:\/\/www.aon.es\/profesionales\/seme\/wp-content\/uploads\/sites\/9\/2022\/06\/app-moove.png 500w, https:\/\/www.aon.es\/profesionales\/seme\/wp-content\/uploads\/sites\/9\/2022\/06\/app-moove-300x300.png 300w, https:\/\/www.aon.es\/profesionales\/seme\/wp-content\/uploads\/sites\/9\/2022\/06\/app-moove-80x80.png 80w, https:\/\/www.aon.es\/profesionales\/seme\/wp-content\/uploads\/sites\/9\/2022\/06\/app-moove-36x36.png 36w, https:\/\/www.aon.es\/profesionales\/seme\/wp-content\/uploads\/sites\/9\/2022\/06\/app-moove-180x180.png 180w\" sizes=\"(max-width: 500px) 100vw, 500px\" \/><\/div><\/div><\/div>\n<div class='flex_column_table av-1sa7q-37e8ec93a1b59a54d43c9b223fb46eee sc-av_three_fifth av-equal-height-column-flextable'><div  class='flex_column av-1sa7q-37e8ec93a1b59a54d43c9b223fb46eee av_three_fifth  avia-builder-el-23  el_after_av_image  el_before_av_two_fifth  first flex_column_table_cell av-equal-height-column av-align-middle  '     ><section  class='av_textblock_section av-l3yeqrqr-6ec33c4a34dee50781629b2754b676aa '   itemscope=\"itemscope\" itemtype=\"https:\/\/schema.org\/CreativeWork\" ><div class='avia_textblock'  itemprop=\"text\" ><h2>\u00a1MOOVE totalmente gratis!<\/h2>\n<h4>Disfruta de la APP gratuita de gesti\u00f3n de la salud y h\u00e1bitos saludables<\/h4>\n<\/div><\/section><br \/>\n\n<style type=\"text\/css\" data-created_by=\"avia_inline_auto\" id=\"style-css-av-1ffmy-f0a55f8719f1e4c94797fbdcac44b5e2\">\n#top .hr.hr-invisible.av-1ffmy-f0a55f8719f1e4c94797fbdcac44b5e2{\nheight:20px;\n}\n<\/style>\n<div  class='hr av-1ffmy-f0a55f8719f1e4c94797fbdcac44b5e2 hr-invisible  avia-builder-el-25  el_after_av_textblock  el_before_av_textblock '><span class='hr-inner '><span class=\"hr-inner-style\"><\/span><\/span><\/div><br \/>\n<section  class='av_textblock_section av-l3yerh03-6c230dac5940c216db59eed2bfe89480 '   itemscope=\"itemscope\" itemtype=\"https:\/\/schema.org\/CreativeWork\" ><div class='avia_textblock'  itemprop=\"text\" ><p>MOOVE es una APP gratuita para los profesionales de SEME que te ayuda a monitorizar tu actividad f\u00edsica para adquirir h\u00e1bitos de vida saludables, motiv\u00e1ndote a realizar ejercicio y cuidar tu alimentaci\u00f3n. Con MOOVE conoces y gestionas tu actividad diaria, alimentaci\u00f3n, sesiones deportivas e informaci\u00f3n m\u00e9dica, a trav\u00e9s de sus m\u00faltiples funciones.<\/p>\n<ul>\n<li>Comprueba tu actividad y alimentaci\u00f3n.<\/li>\n<li>Guarda tus informes m\u00e9dicos de forma segura y tenlos siempre a mano.<\/li>\n<li>Organiza tus medicaciones y tratamientos.<\/li>\n<li>Fija tus metas y comprueba tu evoluci\u00f3n.<\/li>\n<\/ul>\n<p>MOOVE ofrece, adem\u00e1s, una p\u00e1gina web personalizada en la que puedes acceder a toda la informaci\u00f3n de tu perfil desde cualquier ordenador, y realizar las mismas consultas que desde la aplicaci\u00f3n m\u00f3vil.<\/p>\n<\/div><\/section><\/p><\/div><div class='av-flex-placeholder'><\/div><div  class='flex_column av-pppm-34fb6df37f76bb6318d8346925cf54cb av_two_fifth  avia-builder-el-27  el_after_av_three_fifth  el_before_av_hr  flex_column_table_cell av-equal-height-column av-align-middle  '     ><style type=\"text\/css\" data-created_by=\"avia_inline_auto\" id=\"style-css-av-l4fgg32c-bf0358cdecb10a4b17f7eca23a74a54c\">\n.avia-image-container.av-l4fgg32c-bf0358cdecb10a4b17f7eca23a74a54c img.avia_image{\nbox-shadow:none;\n}\n.avia-image-container.av-l4fgg32c-bf0358cdecb10a4b17f7eca23a74a54c .av-image-caption-overlay-center{\ncolor:#ffffff;\n}\n<\/style>\n<div  class='avia-image-container av-l4fgg32c-bf0358cdecb10a4b17f7eca23a74a54c av-styling-no-styling avia-align-center  avia-builder-el-28  avia-builder-el-no-sibling  av-small-hide av-mini-hide'   itemprop=\"image\" itemscope=\"itemscope\" itemtype=\"https:\/\/schema.org\/ImageObject\" ><div class=\"avia-image-container-inner\"><div class=\"avia-image-overlay-wrap\"><img decoding=\"async\" fetchpriority=\"high\" class='wp-image-156 avia-img-lazy-loading-not-156 avia_image ' src=\"https:\/\/www.aon.es\/profesionales\/seme\/wp-content\/uploads\/sites\/9\/2022\/06\/app-moove.png\" alt='Seguros de Responsabilidad Civil Profesional para profesionales de la Medicina Est\u00e9tica' title='app-moove'  height=\"500\" width=\"500\"  itemprop=\"thumbnailUrl\" srcset=\"https:\/\/www.aon.es\/profesionales\/seme\/wp-content\/uploads\/sites\/9\/2022\/06\/app-moove.png 500w, https:\/\/www.aon.es\/profesionales\/seme\/wp-content\/uploads\/sites\/9\/2022\/06\/app-moove-300x300.png 300w, https:\/\/www.aon.es\/profesionales\/seme\/wp-content\/uploads\/sites\/9\/2022\/06\/app-moove-80x80.png 80w, https:\/\/www.aon.es\/profesionales\/seme\/wp-content\/uploads\/sites\/9\/2022\/06\/app-moove-36x36.png 36w, https:\/\/www.aon.es\/profesionales\/seme\/wp-content\/uploads\/sites\/9\/2022\/06\/app-moove-180x180.png 180w\" sizes=\"(max-width: 500px) 100vw, 500px\" \/><\/div><\/div><\/div><\/div><\/div><!--close column table wrapper. Autoclose: 1 -->\n<style type=\"text\/css\" data-created_by=\"avia_inline_auto\" id=\"style-css-av-14jnu-bb6136392967255544ccbfeaf771ff08\">\n#top .hr.hr-invisible.av-14jnu-bb6136392967255544ccbfeaf771ff08{\nheight:20px;\n}\n<\/style>\n<div  class='hr av-14jnu-bb6136392967255544ccbfeaf771ff08 hr-invisible  avia-builder-el-29  el_after_av_two_fifth  avia-builder-el-last '><span class='hr-inner '><span class=\"hr-inner-style\"><\/span><\/span><\/div>\n\n<\/div><\/div><\/div><!-- close content main div --><\/div><\/div>\n<style type=\"text\/css\" data-created_by=\"avia_inline_auto\" id=\"style-css-av-l4fk22vv-172f7c571a8420bbc4009ab457080c8a\">\n.avia-section.av-l4fk22vv-172f7c571a8420bbc4009ab457080c8a{\nbackground-color:#eef6f7;\nbackground-image:unset;\n}\n<\/style>\n<div id='contacto'  class='avia-section av-l4fk22vv-172f7c571a8420bbc4009ab457080c8a main_color avia-section-default avia-no-border-styling  avia-builder-el-30  el_after_av_section  avia-builder-el-last  avia-bg-style-scroll container_wrap sidebar_right'  ><div class='container av-section-cont-open' ><div class='template-page content  av-content-small alpha units'><div class='post-entry post-entry-type-page post-entry-113'><div class='entry-content-wrapper clearfix'>\n\n<style type=\"text\/css\" data-created_by=\"avia_inline_auto\" id=\"style-css-av-4fdwi-81b5c6723a81ee694deb2a592ce9da25\">\n#top .hr.hr-invisible.av-4fdwi-81b5c6723a81ee694deb2a592ce9da25{\nheight:40px;\n}\n<\/style>\n<div  class='hr av-4fdwi-81b5c6723a81ee694deb2a592ce9da25 hr-invisible  avia-builder-el-31  el_before_av_one_half  avia-builder-el-first '><span class='hr-inner '><span class=\"hr-inner-style\"><\/span><\/span><\/div>\n<div  class='flex_column av-40fv2-36f6a893804c120955dda2f44e984f74 av_one_half  avia-builder-el-32  el_after_av_hr  el_before_av_hr  first flex_column_div  '     ><section  class='av_textblock_section av-l4fk2uu6-2966b501dbe448c7e2718ef0e4925443 '   itemscope=\"itemscope\" itemtype=\"https:\/\/schema.org\/CreativeWork\" ><div class='avia_textblock'  itemprop=\"text\" ><h2 style=\"text-align: left;\"><strong>\u00bfNecesitas ayuda?<\/strong><\/h2>\n<p>Ponte en contacto con nosotros y resolveremos todas tus dudas<\/p>\n<\/div><\/section><br \/>\n<form action=\"https:\/\/www.aon.es\/profesionales\/seme\/seguro-vida\/\" method=\"post\" data-fields-with-error=\"Found errors in the following field(s):\" class=\"avia_ajax_form av-form-labels-hidden   avia-builder-el-34  el_after_av_textblock  avia-builder-el-last   \" data-avia-form-id=\"1\" data-avia-redirect='https:\/\/www.aon.es\/profesionales\/seme\/gracias\/' ><fieldset><p class='  first_form  form_element form_element_half' id='element_avia_1_1'><label for=\"avia_1_1\">Nombre <abbr class=\"required\" title=\"requerido\">*<\/abbr><\/label> <input name=\"avia_1_1\" class=\"text_input is_empty\" type=\"text\" id=\"avia_1_1\" value=\"\"  placeholder='Nombre*'\/><\/p><p class='  form_element form_element_half' id='element_avia_2_1'><label for=\"avia_2_1\">Correo electr\u00f3nico <abbr class=\"required\" title=\"requerido\">*<\/abbr><\/label> <input name=\"avia_2_1\" class=\"text_input is_email\" type=\"text\" id=\"avia_2_1\" value=\"\"  placeholder='Correo electr\u00f3nico*'\/><\/p><p class='  first_form  form_element form_element_half' id='element_avia_3_1'><label for=\"avia_3_1\">Tel\u00e9fono <abbr class=\"required\" title=\"requerido\">*<\/abbr><\/label> <input name=\"avia_3_1\" class=\"text_input is_empty\" type=\"text\" id=\"avia_3_1\" value=\"\"  placeholder='Tel\u00e9fono*'\/><\/p><p class='  form_element form_element_half av-last-visible-form-element' id='element_avia_4_1'><label for=\"avia_4_1\">Mensaje <abbr class=\"required\" title=\"requerido\">*<\/abbr><\/label> <input name=\"avia_4_1\" class=\"text_input is_empty\" type=\"text\" id=\"avia_4_1\" value=\"\"  placeholder='Mensaje*'\/><\/p><p class=\"hidden\"><input type=\"text\" name=\"avia_5_1\" class=\"hidden \" id=\"avia_5_1\" value=\"\" \/><\/p><p class=\"form_element \"><input type=\"hidden\" value=\"1\" name=\"avia_generated_form1\" \/><input type=\"submit\" value=\"Solicitar informaci\u00f3n\" class=\"button\"  data-sending-label=\"Enviando\"\/><\/p><\/fieldset><\/form><div id=\"ajaxresponse_1\" class=\"ajaxresponse ajaxresponse_1 hidden\"><\/div><\/p><\/div>\n<style type=\"text\/css\" data-created_by=\"avia_inline_auto\" id=\"style-css-av-bcz2x-e221cd5479a747801de87749d94dbbc3\">\n#top .hr.hr-invisible.av-bcz2x-e221cd5479a747801de87749d94dbbc3{\nheight:20px;\n}\n<\/style>\n<div  class='hr av-bcz2x-e221cd5479a747801de87749d94dbbc3 hr-invisible  avia-builder-el-35  el_after_av_one_half  avia-builder-el-last '><span class='hr-inner '><span class=\"hr-inner-style\"><\/span><\/span><\/div>\n<\/div><\/div><\/div><!-- close content main div --><\/div><\/div><div id='after_section_5'  class='main_color av_default_container_wrap container_wrap sidebar_right'  ><div class='container av-section-cont-open' ><div class='template-page content  av-content-small alpha units'><div class='post-entry post-entry-type-page post-entry-113'><div class='entry-content-wrapper clearfix'>\n","protected":false},"excerpt":{"rendered":"","protected":false},"author":10,"featured_media":0,"parent":0,"menu_order":0,"comment_status":"closed","ping_status":"closed","template":"","meta":{"footnotes":""},"class_list":["post-113","page","type-page","status-publish","hentry"],"yoast_head":"<!-- This site is optimized with the Yoast SEO plugin v27.5 - https:\/\/yoast.com\/product\/yoast-seo-wordpress\/ -->\n<title>Seguro de Vida - Sociedad Espa\u00f1ola de Medicina est\u00e9tica<\/title>\n<meta name=\"robots\" content=\"noindex, nofollow\" \/>\n<meta property=\"og:locale\" content=\"es_ES\" \/>\n<meta property=\"og:type\" content=\"article\" \/>\n<meta property=\"og:title\" content=\"Seguro de Vida - Sociedad Espa\u00f1ola de Medicina est\u00e9tica\" \/>\n<meta property=\"og:url\" content=\"https:\/\/www.aon.es\/profesionales\/seme\/seguro-vida\/\" \/>\n<meta property=\"og:site_name\" content=\"Sociedad Espa\u00f1ola de Medicina est\u00e9tica\" \/>\n<meta property=\"article:modified_time\" content=\"2023-06-15T14:30:39+00:00\" \/>\n<meta name=\"twitter:card\" content=\"summary_large_image\" \/>\n<meta name=\"twitter:label1\" content=\"Tiempo de lectura\" \/>\n\t<meta name=\"twitter:data1\" content=\"10 minutos\" \/>\n<script type=\"application\/ld+json\" class=\"yoast-schema-graph\">{\"@context\":\"https:\\\/\\\/schema.org\",\"@graph\":[{\"@type\":\"WebPage\",\"@id\":\"https:\\\/\\\/www.aon.es\\\/profesionales\\\/seme\\\/seguro-vida\\\/\",\"url\":\"https:\\\/\\\/www.aon.es\\\/profesionales\\\/seme\\\/seguro-vida\\\/\",\"name\":\"Seguro de Vida - Sociedad Espa\u00f1ola de Medicina est\u00e9tica\",\"isPartOf\":{\"@id\":\"https:\\\/\\\/www.aon.es\\\/profesionales\\\/seme\\\/#website\"},\"datePublished\":\"2022-06-28T11:52:54+00:00\",\"dateModified\":\"2023-06-15T14:30:39+00:00\",\"breadcrumb\":{\"@id\":\"https:\\\/\\\/www.aon.es\\\/profesionales\\\/seme\\\/seguro-vida\\\/#breadcrumb\"},\"inLanguage\":\"es\",\"potentialAction\":[{\"@type\":\"ReadAction\",\"target\":[\"https:\\\/\\\/www.aon.es\\\/profesionales\\\/seme\\\/seguro-vida\\\/\"]}]},{\"@type\":\"BreadcrumbList\",\"@id\":\"https:\\\/\\\/www.aon.es\\\/profesionales\\\/seme\\\/seguro-vida\\\/#breadcrumb\",\"itemListElement\":[{\"@type\":\"ListItem\",\"position\":1,\"name\":\"Home\",\"item\":\"https:\\\/\\\/www.aon.es\\\/profesionales\\\/seme\\\/seguros-medicina-estetica\\\/\"},{\"@type\":\"ListItem\",\"position\":2,\"name\":\"Seguro de Vida\"}]},{\"@type\":\"WebSite\",\"@id\":\"https:\\\/\\\/www.aon.es\\\/profesionales\\\/seme\\\/#website\",\"url\":\"https:\\\/\\\/www.aon.es\\\/profesionales\\\/seme\\\/\",\"name\":\"Sociedad Espa\u00f1ola de Medicina est\u00e9tica\",\"description\":\"Seguros para la Sociedad Espa\u00f1ola de Medicina est\u00e9tica\",\"potentialAction\":[{\"@type\":\"SearchAction\",\"target\":{\"@type\":\"EntryPoint\",\"urlTemplate\":\"https:\\\/\\\/www.aon.es\\\/profesionales\\\/seme\\\/?s={search_term_string}\"},\"query-input\":{\"@type\":\"PropertyValueSpecification\",\"valueRequired\":true,\"valueName\":\"search_term_string\"}}],\"inLanguage\":\"es\"}]}<\/script>\n<!-- \/ Yoast SEO plugin. -->","yoast_head_json":{"title":"Seguro de Vida - Sociedad Espa\u00f1ola de Medicina est\u00e9tica","robots":{"index":"noindex","follow":"nofollow"},"og_locale":"es_ES","og_type":"article","og_title":"Seguro de Vida - Sociedad Espa\u00f1ola de Medicina est\u00e9tica","og_url":"https:\/\/www.aon.es\/profesionales\/seme\/seguro-vida\/","og_site_name":"Sociedad Espa\u00f1ola de Medicina est\u00e9tica","article_modified_time":"2023-06-15T14:30:39+00:00","twitter_card":"summary_large_image","twitter_misc":{"Tiempo de lectura":"10 minutos"},"schema":{"@context":"https:\/\/schema.org","@graph":[{"@type":"WebPage","@id":"https:\/\/www.aon.es\/profesionales\/seme\/seguro-vida\/","url":"https:\/\/www.aon.es\/profesionales\/seme\/seguro-vida\/","name":"Seguro de Vida - Sociedad Espa\u00f1ola de Medicina est\u00e9tica","isPartOf":{"@id":"https:\/\/www.aon.es\/profesionales\/seme\/#website"},"datePublished":"2022-06-28T11:52:54+00:00","dateModified":"2023-06-15T14:30:39+00:00","breadcrumb":{"@id":"https:\/\/www.aon.es\/profesionales\/seme\/seguro-vida\/#breadcrumb"},"inLanguage":"es","potentialAction":[{"@type":"ReadAction","target":["https:\/\/www.aon.es\/profesionales\/seme\/seguro-vida\/"]}]},{"@type":"BreadcrumbList","@id":"https:\/\/www.aon.es\/profesionales\/seme\/seguro-vida\/#breadcrumb","itemListElement":[{"@type":"ListItem","position":1,"name":"Home","item":"https:\/\/www.aon.es\/profesionales\/seme\/seguros-medicina-estetica\/"},{"@type":"ListItem","position":2,"name":"Seguro de Vida"}]},{"@type":"WebSite","@id":"https:\/\/www.aon.es\/profesionales\/seme\/#website","url":"https:\/\/www.aon.es\/profesionales\/seme\/","name":"Sociedad Espa\u00f1ola de Medicina est\u00e9tica","description":"Seguros para la Sociedad Espa\u00f1ola de Medicina est\u00e9tica","potentialAction":[{"@type":"SearchAction","target":{"@type":"EntryPoint","urlTemplate":"https:\/\/www.aon.es\/profesionales\/seme\/?s={search_term_string}"},"query-input":{"@type":"PropertyValueSpecification","valueRequired":true,"valueName":"search_term_string"}}],"inLanguage":"es"}]}},"_links":{"self":[{"href":"https:\/\/www.aon.es\/profesionales\/seme\/wp-json\/wp\/v2\/pages\/113","targetHints":{"allow":["GET"]}}],"collection":[{"href":"https:\/\/www.aon.es\/profesionales\/seme\/wp-json\/wp\/v2\/pages"}],"about":[{"href":"https:\/\/www.aon.es\/profesionales\/seme\/wp-json\/wp\/v2\/types\/page"}],"author":[{"embeddable":true,"href":"https:\/\/www.aon.es\/profesionales\/seme\/wp-json\/wp\/v2\/users\/10"}],"replies":[{"embeddable":true,"href":"https:\/\/www.aon.es\/profesionales\/seme\/wp-json\/wp\/v2\/comments?post=113"}],"version-history":[{"count":25,"href":"https:\/\/www.aon.es\/profesionales\/seme\/wp-json\/wp\/v2\/pages\/113\/revisions"}],"predecessor-version":[{"id":305,"href":"https:\/\/www.aon.es\/profesionales\/seme\/wp-json\/wp\/v2\/pages\/113\/revisions\/305"}],"wp:attachment":[{"href":"https:\/\/www.aon.es\/profesionales\/seme\/wp-json\/wp\/v2\/media?parent=113"}],"curies":[{"name":"wp","href":"https:\/\/api.w.org\/{rel}","templated":true}]}}