{"id":22,"date":"2022-06-01T17:26:14","date_gmt":"2022-06-01T15:26:14","guid":{"rendered":"https:\/\/www.aon.es\/profesionales\/seme\/?page_id=22"},"modified":"2026-02-12T09:32:19","modified_gmt":"2026-02-12T07:32:19","slug":"seguros-medicina-estetica","status":"publish","type":"page","link":"https:\/\/www.aon.es\/profesionales\/seme\/","title":{"rendered":"Seguros para profesionales de la medicina est\u00e9tica"},"content":{"rendered":"\n<style type=\"text\/css\" data-created_by=\"avia_inline_auto\" id=\"style-css-av-l3vqqpkr-9a7e2e97259f91331a431f105b86f013\">\n.avia-section.av-l3vqqpkr-9a7e2e97259f91331a431f105b86f013{\nbackground-repeat:no-repeat;\nbackground-image:url(https:\/\/www.aon.es\/profesionales\/seme\/wp-content\/uploads\/sites\/9\/2022\/06\/cabeceras-SEME_1-1500x613.jpg);\nbackground-position:0% 50%;\nbackground-attachment:fixed;\n}\n<\/style>\n<div id='av_section_1'  class='avia-section av-l3vqqpkr-9a7e2e97259f91331a431f105b86f013 main_color avia-section-default avia-no-border-styling  avia-builder-el-0  el_before_av_section  avia-builder-el-first  avia-full-stretch avia-bg-style-fixed av-minimum-height av-minimum-height-50 av-height-50  container_wrap sidebar_right'  data-section-bg-repeat='stretch' data-av_minimum_height_pc='50' data-av_min_height_opt='50'><div class='container av-section-cont-open' ><main  role=\"main\" itemprop=\"mainContentOfPage\"  class='template-page content  av-content-small alpha units'><div class='post-entry post-entry-type-page post-entry-22'><div class='entry-content-wrapper clearfix'>\n<div  class='flex_column av-55ny-3eddeb72fc3500932947ce5e1c347a97 av_one_half  avia-builder-el-1  el_before_av_one_half  avia-builder-el-first  first flex_column_div  '     ><section  class='av_textblock_section av-l3vqfkun-314b6997b10921b690339e2317cd61f2 '   itemscope=\"itemscope\" itemtype=\"https:\/\/schema.org\/CreativeWork\" ><div class='avia_textblock'  itemprop=\"text\" ><h1>P\u00f3liza colectiva R.C. Profesional SEME<\/h1>\n<\/div><\/section><br \/>\n<section  class='av_textblock_section av-l3vqlgoj-3faa6fb29e17b46b3b946f044fb1f419 '   itemscope=\"itemscope\" itemtype=\"https:\/\/schema.org\/CreativeWork\" ><div class='avia_textblock'  itemprop=\"text\" ><h3>Accede a esta p\u00f3liza especialmente dise\u00f1ada para los integrantes de la Sociedad Espa\u00f1ola de Medicina Est\u00e9tica\u00a0(exclusiva socios)<\/h3>\n<p>De la mano de Relyens, compa\u00f1\u00eda l\u00edder en seguros de Responsabilidad Civil M\u00e9dica y gesti\u00f3n del riesgo.<\/p>\n<p><img decoding=\"async\" class=\"alignnone wp-image-385\" src=\"https:\/\/www.aon.es\/profesionales\/seme\/wp-content\/uploads\/sites\/9\/2026\/02\/LOGO-RELYENS-300x144.png\" alt=\"LOGO RELYENS\" width=\"240\" height=\"115\" srcset=\"https:\/\/www.aon.es\/profesionales\/seme\/wp-content\/uploads\/sites\/9\/2026\/02\/LOGO-RELYENS-300x144.png 300w, https:\/\/www.aon.es\/profesionales\/seme\/wp-content\/uploads\/sites\/9\/2026\/02\/LOGO-RELYENS-1030x493.png 1030w, https:\/\/www.aon.es\/profesionales\/seme\/wp-content\/uploads\/sites\/9\/2026\/02\/LOGO-RELYENS-768x367.png 768w, https:\/\/www.aon.es\/profesionales\/seme\/wp-content\/uploads\/sites\/9\/2026\/02\/LOGO-RELYENS-1536x735.png 1536w, https:\/\/www.aon.es\/profesionales\/seme\/wp-content\/uploads\/sites\/9\/2026\/02\/LOGO-RELYENS-2048x980.png 2048w, https:\/\/www.aon.es\/profesionales\/seme\/wp-content\/uploads\/sites\/9\/2026\/02\/LOGO-RELYENS-1500x718.png 1500w, https:\/\/www.aon.es\/profesionales\/seme\/wp-content\/uploads\/sites\/9\/2026\/02\/LOGO-RELYENS-705x337.png 705w\" sizes=\"(max-width: 240px) 100vw, 240px\" \/><\/p>\n<\/div><\/section><br \/>\n<section  class='av_textblock_section av-l3vqmj63-308140899fe7546423252a57737d72ba '   itemscope=\"itemscope\" itemtype=\"https:\/\/schema.org\/CreativeWork\" ><div class='avia_textblock'  itemprop=\"text\" ><p>Consulta las ventajas exclusivas para proteger tu ejercicio profesional, tu patrimonio y tu tranquilidad.<\/p>\n<\/div><\/section><br \/>\n<div  class='avia-button-wrap av-ljppgyf8-ba054f45cc52f8bb3b919e5017f806f0-wrap avia-button-left  avia-builder-el-5  el_after_av_textblock  avia-builder-el-last '>\n<style type=\"text\/css\" data-created_by=\"avia_inline_auto\" id=\"style-css-av-ljppgyf8-ba054f45cc52f8bb3b919e5017f806f0\">\n#top #wrap_all .avia-button.av-ljppgyf8-ba054f45cc52f8bb3b919e5017f806f0{\nbackground-color:#eb0017;\nborder-color:#eb0017;\ntransition:all 0.4s ease-in-out;\n}\n#top #wrap_all .avia-button.av-ljppgyf8-ba054f45cc52f8bb3b919e5017f806f0:hover{\ncolor:white;\ntransition:all 0.4s ease-in-out;\n}\n#top #wrap_all .avia-button.av-ljppgyf8-ba054f45cc52f8bb3b919e5017f806f0:hover .avia-svg-icon svg:first-child{\nfill:white;\nstroke:white;\n}\n<\/style>\n<a href='#formulario'  class='avia-button av-ljppgyf8-ba054f45cc52f8bb3b919e5017f806f0 av-link-btn avia-icon_select-no avia-size-medium avia-position-left avia-font-color-theme-color'  target=\"_blank\"  rel=\"noopener noreferrer\"  aria-label=\"Solicitar informaci\u00f3n\"><span class='avia_iconbox_title' >Solicitar informaci\u00f3n<\/span><span class='avia_button_background avia-button avia-color-theme-color' ><\/span><\/a><\/div><\/p><\/div><div  class='flex_column av-wj8i-2689ec7f8e8ea316c6e87f186f8ef065 av_one_half  avia-builder-el-6  el_after_av_one_half  avia-builder-el-last  flex_column_div  '     ><\/div>\n\n<\/div><\/div><\/main><!-- close content main element --><\/div><\/div><div id='av_section_2'  class='avia-section av-7fi16-132b39888274f386b8dc8c93c1ee6f69 main_color avia-section-default avia-no-border-styling  avia-builder-el-7  el_after_av_section  el_before_av_section  avia-bg-style-scroll container_wrap sidebar_right'  ><div class='container av-section-cont-open' ><div class='template-page content  av-content-small alpha units'><div class='post-entry post-entry-type-page post-entry-22'><div class='entry-content-wrapper clearfix'>\n<div class='flex_column_table av-1sa7q-c1705eb019d7106c509a91736820d8ef sc-av_three_fifth av-mobile-columns-flex av-columns-individual av-equal-height-column-flextable'>\n<style type=\"text\/css\" data-created_by=\"avia_inline_auto\" id=\"style-css-av-1sa7q-c1705eb019d7106c509a91736820d8ef\">\n.flex_column.av-1sa7q-c1705eb019d7106c509a91736820d8ef{\norder:1;\n}\n<\/style>\n<div  class='flex_column av-1sa7q-c1705eb019d7106c509a91736820d8ef av_three_fifth  avia-builder-el-8  el_before_av_two_fifth  avia-builder-el-first  first flex_column_table_cell av-equal-height-column av-align-middle  '     ><section  class='av_textblock_section av-l3yeqrqr-6ec33c4a34dee50781629b2754b676aa '   itemscope=\"itemscope\" itemtype=\"https:\/\/schema.org\/CreativeWork\" ><div class='avia_textblock'  itemprop=\"text\" ><h2>Seguros de Responsabilidad Civil Profesional para profesionales de la Medicina Est\u00e9tica<\/h2>\n<\/div><\/section><br \/>\n\n<style type=\"text\/css\" data-created_by=\"avia_inline_auto\" id=\"style-css-av-1ffmy-f0a55f8719f1e4c94797fbdcac44b5e2\">\n#top .hr.hr-invisible.av-1ffmy-f0a55f8719f1e4c94797fbdcac44b5e2{\nheight:20px;\n}\n<\/style>\n<div  class='hr av-1ffmy-f0a55f8719f1e4c94797fbdcac44b5e2 hr-invisible  avia-builder-el-10  el_after_av_textblock  el_before_av_textblock '><span class='hr-inner '><span class=\"hr-inner-style\"><\/span><\/span><\/div><br \/>\n<section  class='av_textblock_section av-l3yerh03-caee0f581cd11a51d1d9715e1c356bf9 '   itemscope=\"itemscope\" itemtype=\"https:\/\/schema.org\/CreativeWork\" ><div class='avia_textblock'  itemprop=\"text\" ><p>La medicina est\u00e9tica est\u00e1 expuesta a muchas m\u00e1s reclamaciones profesionales que otras especialidades m\u00e9dicas. Estas reclamaciones pueden suponer consecuencias legales y econ\u00f3micas muy importantes.<\/p>\n<p><strong>Por todo ello, la SEME ha dise\u00f1ado, junto a Aon, Zalba Cald\u00fa By Aon y Relyens, un seguro de responsabilidad civil para m\u00e9dicos est\u00e9ticos que cubra adecuadamente frente a reclamaciones o posibles errores profesionales.<\/strong><\/p>\n<p>Este seguro para m\u00e9dicos est\u00e9ticos de la SEME ofrece<strong> l\u00edmites de indemnizaci\u00f3n elevados, coberturas a medida y precios especiales por ser socio. <\/strong>Y todo ello respaldado por una entidad aseguradora especialista en responsabilidad civil profesional y con las mayores garant\u00edas de solvencia.<\/p>\n<p>Puedes contratar nuestro <strong>seguro de Responsabilidad Civil Profesional<\/strong> para profesionales de la Medicina Est\u00e9tica desde 852,17\u20ac.<\/p>\n<p>Si quiere <strong>contratar el seguro<\/strong>, descargue el formulario, rell\u00e9nelo y env\u00edelo al email: <a title=\"mailto:colegios@aon.es\" href=\"mailto:colegios@aon.es\" data-outlook-id=\"80749a9f-e277-4b35-8ed1-2c73f19ed2ed\">colegios@aon.es<\/a><\/p>\n<\/div><\/section><\/p><\/div><div class='av-flex-placeholder'><\/div>\n<style type=\"text\/css\" data-created_by=\"avia_inline_auto\" id=\"style-css-av-pppm-a330fa56a03a4aab026d60215a45d7c8\">\n.flex_column.av-pppm-a330fa56a03a4aab026d60215a45d7c8{\norder:0;\n}\n<\/style>\n<div  class='flex_column av-pppm-a330fa56a03a4aab026d60215a45d7c8 av_two_fifth  avia-builder-el-12  el_after_av_three_fifth  el_before_av_one_fourth  flex_column_table_cell av-equal-height-column av-align-middle  '     ><style type=\"text\/css\" data-created_by=\"avia_inline_auto\" id=\"style-css-av-l4fgg32c-ca555e23653f1e0f7d6daffc063db090\">\n.avia-image-container.av-l4fgg32c-ca555e23653f1e0f7d6daffc063db090 img.avia_image{\nbox-shadow:none;\n}\n.avia-image-container.av-l4fgg32c-ca555e23653f1e0f7d6daffc063db090 .av-image-caption-overlay-center{\ncolor:#ffffff;\n}\n<\/style>\n<div  class='avia-image-container av-l4fgg32c-ca555e23653f1e0f7d6daffc063db090 av-styling-no-styling avia-align-center  avia-builder-el-13  avia-builder-el-no-sibling '   itemprop=\"image\" itemscope=\"itemscope\" itemtype=\"https:\/\/schema.org\/ImageObject\" ><div class=\"avia-image-container-inner\"><div class=\"avia-image-overlay-wrap\"><img decoding=\"async\" fetchpriority=\"high\" class='wp-image-73 avia-img-lazy-loading-not-73 avia_image ' src=\"https:\/\/www.aon.es\/profesionales\/seme\/wp-content\/uploads\/sites\/9\/2022\/06\/ilustracio\u0301n-me\u0301dicos-este\u0301ticos-01-1.png\" alt='Seguros de Responsabilidad Civil Profesional para profesionales de la Medicina Est\u00e9tica' title='ilustracio\u0301n-me\u0301dicos-este\u0301ticos-01'  height=\"1840\" width=\"2484\"  itemprop=\"thumbnailUrl\" srcset=\"https:\/\/www.aon.es\/profesionales\/seme\/wp-content\/uploads\/sites\/9\/2022\/06\/ilustracio\u0301n-me\u0301dicos-este\u0301ticos-01-1.png 2484w, https:\/\/www.aon.es\/profesionales\/seme\/wp-content\/uploads\/sites\/9\/2022\/06\/ilustracio\u0301n-me\u0301dicos-este\u0301ticos-01-1-300x222.png 300w, https:\/\/www.aon.es\/profesionales\/seme\/wp-content\/uploads\/sites\/9\/2022\/06\/ilustracio\u0301n-me\u0301dicos-este\u0301ticos-01-1-1030x763.png 1030w, https:\/\/www.aon.es\/profesionales\/seme\/wp-content\/uploads\/sites\/9\/2022\/06\/ilustracio\u0301n-me\u0301dicos-este\u0301ticos-01-1-768x569.png 768w, https:\/\/www.aon.es\/profesionales\/seme\/wp-content\/uploads\/sites\/9\/2022\/06\/ilustracio\u0301n-me\u0301dicos-este\u0301ticos-01-1-1536x1138.png 1536w, https:\/\/www.aon.es\/profesionales\/seme\/wp-content\/uploads\/sites\/9\/2022\/06\/ilustracio\u0301n-me\u0301dicos-este\u0301ticos-01-1-2048x1517.png 2048w, https:\/\/www.aon.es\/profesionales\/seme\/wp-content\/uploads\/sites\/9\/2022\/06\/ilustracio\u0301n-me\u0301dicos-este\u0301ticos-01-1-1500x1111.png 1500w, https:\/\/www.aon.es\/profesionales\/seme\/wp-content\/uploads\/sites\/9\/2022\/06\/ilustracio\u0301n-me\u0301dicos-este\u0301ticos-01-1-705x522.png 705w\" sizes=\"(max-width: 2484px) 100vw, 2484px\" \/><\/div><\/div><\/div><\/div><\/div><!--close column table wrapper. Autoclose: 1 --><div  class='flex_column av-520pu-3c8866234ab81c62807424371bd5b593 av_one_fourth  avia-builder-el-14  el_after_av_two_fifth  el_before_av_one_fourth  first flex_column_div  '     ><div  class='avia-button-wrap av-l3vr0mj2-8e2d196184fd146daaaaf1046f184184-wrap avia-button-left  avia-builder-el-15  avia-builder-el-no-sibling '>\n<style type=\"text\/css\" data-created_by=\"avia_inline_auto\" id=\"style-css-av-l3vr0mj2-8e2d196184fd146daaaaf1046f184184\">\n#top #wrap_all .avia-button.av-l3vr0mj2-8e2d196184fd146daaaaf1046f184184{\nbackground-color:#eb0017;\nborder-color:#eb0017;\ntransition:all 0.4s ease-in-out;\n}\n#top #wrap_all .avia-button.av-l3vr0mj2-8e2d196184fd146daaaaf1046f184184:hover{\ncolor:white;\ntransition:all 0.4s ease-in-out;\n}\n#top #wrap_all .avia-button.av-l3vr0mj2-8e2d196184fd146daaaaf1046f184184:hover .avia-svg-icon svg:first-child{\nfill:white;\nstroke:white;\n}\n<\/style>\n<a href='https:\/\/www.aon.es\/profesionales\/seme\/wp-content\/uploads\/sites\/9\/2023\/06\/Solicitud-R.C-SEME_Autorellenable.pdf'  class='avia-button av-l3vr0mj2-8e2d196184fd146daaaaf1046f184184 av-link-btn avia-icon_select-no avia-size-medium avia-position-left avia-font-color-theme-color'  target=\"_blank\"  rel=\"noopener noreferrer\"  aria-label=\"Descargar formulario\"><span class='avia_iconbox_title' >Descargar formulario<\/span><span class='avia_button_background avia-button avia-color-theme-color' ><\/span><\/a><\/div><\/div><div  class='flex_column av-4lolm-4ad51717dd01e185ec0d19496b87f554 av_one_fourth  avia-builder-el-16  el_after_av_one_fourth  avia-builder-el-last  flex_column_div  '     ><div  class='avia-button-wrap av-424l6-61dd740ef07cf276c609be69de054ee1-wrap avia-button-left  avia-builder-el-17  avia-builder-el-no-sibling '>\n<style type=\"text\/css\" data-created_by=\"avia_inline_auto\" id=\"style-css-av-424l6-61dd740ef07cf276c609be69de054ee1\">\n#top #wrap_all .avia-button.av-424l6-61dd740ef07cf276c609be69de054ee1{\nbackground-color:#eb0017;\nborder-color:#eb0017;\ntransition:all 0.4s ease-in-out;\n}\n#top #wrap_all .avia-button.av-424l6-61dd740ef07cf276c609be69de054ee1:hover{\ncolor:white;\ntransition:all 0.4s ease-in-out;\n}\n#top #wrap_all .avia-button.av-424l6-61dd740ef07cf276c609be69de054ee1:hover .avia-svg-icon svg:first-child{\nfill:white;\nstroke:white;\n}\n<\/style>\n<a href='https:\/\/www.aon.es\/profesionales\/seme\/wp-content\/uploads\/sites\/9\/2023\/11\/Propuesta-R.C.Profesional-SEME.pdf'  class='avia-button av-424l6-61dd740ef07cf276c609be69de054ee1 av-link-btn avia-icon_select-no avia-size-medium avia-position-left avia-font-color-theme-color'  target=\"_blank\"  rel=\"noopener noreferrer\"  aria-label=\"Resumen de Coberturas\"><span class='avia_iconbox_title' >Resumen de Coberturas<\/span><span class='avia_button_background avia-button avia-color-theme-color' ><\/span><\/a><\/div><\/div><\/div><\/div><\/div><!-- close content main div --><\/div><\/div>\n<style type=\"text\/css\" data-created_by=\"avia_inline_auto\" id=\"style-css-av-1z57e-da56a273b2a2dc42c14672d857fe6b67\">\n.avia-section.av-1z57e-da56a273b2a2dc42c14672d857fe6b67{\nbackground-color:#eef6f7;\nbackground-image:unset;\n}\n<\/style>\n<div id='coberturas'  class='avia-section av-1z57e-da56a273b2a2dc42c14672d857fe6b67 main_color avia-section-default avia-no-border-styling  avia-builder-el-18  el_after_av_section  el_before_av_section  avia-bg-style-scroll container_wrap sidebar_right'  ><div class='container av-section-cont-open' ><div class='template-page content  av-content-small alpha units'><div class='post-entry post-entry-type-page post-entry-22'><div class='entry-content-wrapper clearfix'>\n<div class='flex_column_table av-11l0y-3afd81f672585ec17fb82c880cf359ef sc-av_two_fifth av-equal-height-column-flextable'>\n<style type=\"text\/css\" data-created_by=\"avia_inline_auto\" id=\"style-css-av-11l0y-3afd81f672585ec17fb82c880cf359ef\">\n.flex_column.av-11l0y-3afd81f672585ec17fb82c880cf359ef{\nborder-radius:4px 4px 4px 4px;\npadding:32px 32px 32px 32px;\nbackground-color:#eef6f7;\n}\n<\/style>\n<div  class='flex_column av-11l0y-3afd81f672585ec17fb82c880cf359ef av_two_fifth  avia-builder-el-19  el_before_av_three_fifth  avia-builder-el-first  first flex_column_table_cell av-equal-height-column av-align-middle  '     ><section  class='av_textblock_section av-l3yevnql-ffe7435f345028b49cde851c0291f0df '   itemscope=\"itemscope\" itemtype=\"https:\/\/schema.org\/CreativeWork\" ><div class='avia_textblock'  itemprop=\"text\" ><h2><strong>\u00bfQu\u00e9 cubre el Seguro de Responsabilidad Civil para M\u00e9dicos Est\u00e9ticos SEME?<\/strong><\/h2>\n<\/div><\/section><\/div><div class='av-flex-placeholder'><\/div><div  class='flex_column av-1cely-18fe2d4c3d05ace56a5db8bfac35ad3a av_three_fifth  avia-builder-el-21  el_after_av_two_fifth  avia-builder-el-last  flex_column_table_cell av-equal-height-column av-align-middle  '     ><style type=\"text\/css\" data-created_by=\"avia_inline_auto\" id=\"style-css-av-l3yf586h-9f8137d44b9e38a2c6e32f518e5408f0\">\n#top .togglecontainer.av-l3yf586h-9f8137d44b9e38a2c6e32f518e5408f0 p.toggler{\nbackground-color:rgba(255,255,255,0.6);\nborder-color:#E5EFF0;\n}\n#top .togglecontainer.av-l3yf586h-9f8137d44b9e38a2c6e32f518e5408f0 p.toggler.activeTitle{\ncolor:#007585;\nborder-color:#007585;\n}\n#top .togglecontainer.av-l3yf586h-9f8137d44b9e38a2c6e32f518e5408f0 p.toggler .toggle_icon{\ncolor:#007585;\nborder-color:#007585;\n}\n#top .togglecontainer.av-l3yf586h-9f8137d44b9e38a2c6e32f518e5408f0 p.toggler .toggle_icon > span{\ncolor:#007585;\nborder-color:#007585;\n}\n#top .togglecontainer.av-l3yf586h-9f8137d44b9e38a2c6e32f518e5408f0 .toggle_wrap .toggle_content{\nbackground-color:rgba(255,255,255,0.6);\nborder-color:#E5EFF0;\n}\n<\/style>\n<div  class='togglecontainer av-l3yf586h-9f8137d44b9e38a2c6e32f518e5408f0  avia-builder-el-22  avia-builder-el-no-sibling  toggle_close_all' >\n<section class='av_toggle_section av-l3yf01y8-a4f72053662939628052db0b95f38006'  itemscope=\"itemscope\" itemtype=\"https:\/\/schema.org\/CreativeWork\" ><div role=\"tablist\" class=\"single_toggle\" data-tags=\"{Todo} \"  ><p id='toggle-toggle-id-1' data-fake-id='#toggle-id-1' class='toggler  av-title-above av-inherit-border-color'  itemprop=\"headline\"  role='tab' tabindex='0' aria-controls='toggle-id-1' data-slide-speed=\"200\" data-title=\"Principales coberturas\" data-title-open=\"\" data-aria_collapsed=\"Click to expand: Principales coberturas\" data-aria_expanded=\"Click to collapse: Principales coberturas\">Principales coberturas<span class=\"toggle_icon\"><span class=\"vert_icon\"><\/span><span class=\"hor_icon\"><\/span><\/span><\/p><div id='toggle-id-1' aria-labelledby='toggle-toggle-id-1' role='region' class='toggle_wrap  av-title-above'  ><div class='toggle_content invers-color av-inherit-border-color'  itemprop=\"text\" ><ul>\n<li><strong>Responsabilidad Civil Profesional:<\/strong> incluye la cobertura derivada de actividades de los m\u00e9dicos est\u00e9ticos como:\n<ul>\n<li>Realizaci\u00f3n de diagn\u00f3sticos, tratamientos, consultas, intervenciones quir\u00fargicas, etc.<\/li>\n<li>Actividad docente, asistencia a Congresos, etc.<\/li>\n<li>Actuaci\u00f3n como perito o \u00e1rbitro.<\/li>\n<li>Actividad de investigaci\u00f3n cl\u00ednica<\/li>\n<\/ul>\n<\/li>\n<li><strong>Cobertura a reclamaciones por da\u00f1os meramente est\u00e9ticos<\/strong> al no haber obtenido la finalidad propuesta en la operaci\u00f3n o tratamiento.<\/li>\n<li><strong>Ampara todos los tratamientos medico est\u00e9ticos reconocidos en el libro blanco de la SEME.<\/strong><\/li>\n<li>Cobertura de responsabilidades derivadas del i<strong>ncumplimiento de la obligaci\u00f3n de obtener el consentimiento del paciente<\/strong>(actuaci\u00f3n no dolosa).<\/li>\n<li><strong>Cobertura en caso de reclamaci\u00f3n devoluci\u00f3n de honorarios por sentencia firme.<\/strong><\/li>\n<li><strong>Cobertura para Sociedad Unipersonal del asegurado<\/strong>(*ver condicionado):\n<ul>\n<li><strong>Defensa legal:<\/strong>\n<ul>\n<li>Cobertura de gastos de defensa, fianzas y gastos judiciales.<\/li>\n<li>Defensa jur\u00eddica independiente, con libre elecci\u00f3n de abogados en defensa penal.<\/li>\n<li>Defensa del m\u00e9dico est\u00e9tico asegurado contra reclamaciones infundadas<\/li>\n<li>Defensa en caso de agresiones al m\u00e9dico asegurado.<\/li>\n<li>Reclamaci\u00f3n extrajudicial de facturas impagadas.<\/li>\n<li>Defensa en cuestiones administrativas.<\/li>\n<li>Defensa de otros seguros.<\/li>\n<\/ul>\n<\/li>\n<\/ul>\n<\/li>\n<li><strong>Retroactividad ilimitada para m\u00e9dicos con p\u00f3liza anterior.<\/strong> Se cubren las reclamaciones presentadas por vez primera durante la vigencia del seguro, aunque se deban a tratamientos o intervenciones realizadas en a\u00f1os anteriores.<\/li>\n<li><strong>Cobertura en casos de cese de actividad por: jubilaci\u00f3n, invalidez o fallecimiento<\/strong>(*ver condicionado)<\/li>\n<li><strong>Soluci\u00f3n v\u00e1lida para actividad mixta<\/strong>(medicina privada y p\u00fablica).<\/li>\n<p>&lt;\/ul<\/p>\n<\/div><\/div><\/div><\/section>\n<section class='av_toggle_section &#039;av-l3yf1luq&#039;-c44be58c74193c02181d57cd3a327b11'  itemscope=\"itemscope\" itemtype=\"https:\/\/schema.org\/CreativeWork\" ><div role=\"tablist\" class=\"single_toggle\" data-tags=\"{Todo} {&#039;&#039;} \"  ><p id='toggle-' data-fake-id='#' class='toggler  &#039;&#039; av-inherit-border-color'  itemprop=\"headline\"  role='tab' tabindex='0' aria-controls='' data-slide-speed=\"&#039;&#039;\" data-title=\"&#039;Otras\" data-title-open=\"&#039;&#039;\" data-aria_collapsed=\"&#039;&#039;\" data-aria_expanded=\"&#039;&#039;\">&#039;Otras<span class=\"toggle_icon\"><span class=\"vert_icon\"><\/span><span class=\"hor_icon\"><\/span><\/span><\/p><div id='' aria-labelledby='toggle-' role='region' class='toggle_wrap  &#039;&#039;'  ><div class='toggle_content invers-color av-inherit-border-color'  itemprop=\"text\" ><ul>\n<li>Subsidio por inhabilitaci\u00f3n temporal profesional o suspension de empleo y sueldo hasta 3.000\u20ac\/mes.<\/li>\n<li>Cobertura de Responsabilidad Civil derivada del <strong>incumplimiento de la Ley Org\u00e1nica de Protecci\u00f3n de Datos<\/strong><\/li>\n<li><strong>Quedan amparados los tratamientos medico est\u00e9ticos de implante capilar.<\/strong><\/li>\n<\/ul>\n<\/div><\/div><\/div><\/section>\n<\/div><\/div><\/div><!--close column table wrapper. Autoclose: 1 -->\n<\/p>\n<\/div><\/div><\/div><!-- close content main div --><\/div><\/div><div id='av_section_4'  class='avia-section av-1uzfq-67ce280e44621834e824c048d57cba48 main_color avia-section-default avia-no-border-styling  avia-builder-el-23  el_after_av_section  el_before_av_section  avia-bg-style-scroll container_wrap sidebar_right'  ><div class='container av-section-cont-open' ><div class='template-page content  av-content-small alpha units'><div class='post-entry post-entry-type-page post-entry-22'><div class='entry-content-wrapper clearfix'>\n\n<style type=\"text\/css\" data-created_by=\"avia_inline_auto\" id=\"style-css-av-w0eq-71c421d4999c5411444480bcd3bc5979\">\n#top .hr.hr-invisible.av-w0eq-71c421d4999c5411444480bcd3bc5979{\nheight:60px;\n}\n<\/style>\n<div  class='hr av-w0eq-71c421d4999c5411444480bcd3bc5979 hr-invisible  avia-builder-el-24  el_before_av_one_full  avia-builder-el-first '><span class='hr-inner '><span class=\"hr-inner-style\"><\/span><\/span><\/div>\n<div  class='flex_column av-wega-0eb46d3972d7a94a5174a446d55e13d7 av_one_full  avia-builder-el-25  el_after_av_hr  el_before_av_one_fifth  first flex_column_div  '     ><section  class='av_textblock_section av-l3yf9361-528d2774af2f50cafcd94dd83ffdcc97 '   itemscope=\"itemscope\" itemtype=\"https:\/\/schema.org\/CreativeWork\" ><div class='avia_textblock'  itemprop=\"text\" ><h2 style=\"text-align: center\"><strong>Ventajas de la p\u00f3liza de Responsabilidad Civil SEME<\/strong><\/h2>\n<\/div><\/section><\/div><div class='flex_column_table av-5h5pa-dd10a022fdf7f9f691b32196bb41df9c sc-av_one_fifth av-equal-height-column-flextable'>\n<style type=\"text\/css\" data-created_by=\"avia_inline_auto\" id=\"style-css-av-5h5pa-dd10a022fdf7f9f691b32196bb41df9c\">\n.flex_column.av-5h5pa-dd10a022fdf7f9f691b32196bb41df9c{\nwidth:18.4%;\nmargin-left:0;\nborder-radius:4px 4px 4px 4px;\npadding:16px 16px 16px 16px;\nbackground-color:#eef6f7;\n}\n#top .flex_column_table.av-equal-height-column-flextable.av-5h5pa-dd10a022fdf7f9f691b32196bb41df9c .av-flex-placeholder{\nwidth:2%;\n}\n<\/style>\n<div  class='flex_column av-5h5pa-dd10a022fdf7f9f691b32196bb41df9c av_one_fifth  avia-builder-el-27  el_after_av_one_full  el_before_av_one_fifth  first flex_column_table_cell av-equal-height-column av-align-top  column-top-margin'     ><style type=\"text\/css\" data-created_by=\"avia_inline_auto\" id=\"style-css-av-l4fhl85o-f3db06b940ab20f39e08bd0ed5a3c5d7\">\n#top .av_textblock_section.av-l4fhl85o-f3db06b940ab20f39e08bd0ed5a3c5d7 .avia_textblock{\nfont-size:40px;\n}\n<\/style>\n<section  class='av_textblock_section av-l4fhl85o-f3db06b940ab20f39e08bd0ed5a3c5d7 '   itemscope=\"itemscope\" itemtype=\"https:\/\/schema.org\/CreativeWork\" ><div class='avia_textblock'  itemprop=\"text\" ><p style=\"text-align: center\"><strong>01.<\/strong><\/p>\n<\/div><\/section><br \/>\n<section  class='av_textblock_section av-1k78q-410f17bedb6ed90056fae06ae7a2f6c4 '   itemscope=\"itemscope\" itemtype=\"https:\/\/schema.org\/CreativeWork\" ><div class='avia_textblock'  itemprop=\"text\" ><p style=\"text-align: center\">Cubre reclamaciones donde haya mediado publicidad.<strong><br \/>\n<\/strong><\/p>\n<\/div><\/section><\/p><\/div><div class='av-flex-placeholder'><\/div>\n<style type=\"text\/css\" data-created_by=\"avia_inline_auto\" id=\"style-css-av-2sbwe-40f5c6da0be98b333af6034d818ce243\">\n.flex_column.av-2sbwe-40f5c6da0be98b333af6034d818ce243{\nwidth:18.4%;\nmargin-left:0;\nborder-radius:4px 4px 4px 4px;\npadding:16px 16px 16px 16px;\nbackground-color:#eef6f7;\n}\n#top .flex_column_table.av-equal-height-column-flextable.av-2sbwe-40f5c6da0be98b333af6034d818ce243 .av-flex-placeholder{\nwidth:2%;\n}\n<\/style>\n<div  class='flex_column av-2sbwe-40f5c6da0be98b333af6034d818ce243 av_one_fifth  avia-builder-el-30  el_after_av_one_fifth  el_before_av_one_fifth  flex_column_table_cell av-equal-height-column av-align-top  column-top-margin'     ><style type=\"text\/css\" data-created_by=\"avia_inline_auto\" id=\"style-css-av-l4fho3hh-f1d1b6e5789c9f6a05b806d65b17ca63\">\n#top .av_textblock_section.av-l4fho3hh-f1d1b6e5789c9f6a05b806d65b17ca63 .avia_textblock{\nfont-size:40px;\n}\n<\/style>\n<section  class='av_textblock_section av-l4fho3hh-f1d1b6e5789c9f6a05b806d65b17ca63 '   itemscope=\"itemscope\" itemtype=\"https:\/\/schema.org\/CreativeWork\" ><div class='avia_textblock'  itemprop=\"text\" ><p style=\"text-align: center\"><strong>02.<\/strong><\/p>\n<\/div><\/section><br \/>\n<section  class='av_textblock_section av-l4fhlj7f-e21e930e5af2ac2c0f5d99b468cad5a5 '   itemscope=\"itemscope\" itemtype=\"https:\/\/schema.org\/CreativeWork\" ><div class='avia_textblock'  itemprop=\"text\" ><p style=\"text-align: center\">Da\u00f1os meramente est\u00e9ticos o de resultado.<\/p>\n<\/div><\/section><\/p><\/div><div class='av-flex-placeholder'><\/div>\n<style type=\"text\/css\" data-created_by=\"avia_inline_auto\" id=\"style-css-av-20dq6-6a687aa77d79bee25ba59f93ebe25e5a\">\n.flex_column.av-20dq6-6a687aa77d79bee25ba59f93ebe25e5a{\nwidth:18.4%;\nmargin-left:0;\nborder-radius:4px 4px 4px 4px;\npadding:16px 16px 16px 16px;\nbackground-color:#eef6f7;\n}\n#top .flex_column_table.av-equal-height-column-flextable.av-20dq6-6a687aa77d79bee25ba59f93ebe25e5a .av-flex-placeholder{\nwidth:2%;\n}\n<\/style>\n<div  class='flex_column av-20dq6-6a687aa77d79bee25ba59f93ebe25e5a av_one_fifth  avia-builder-el-33  el_after_av_one_fifth  el_before_av_one_fifth  flex_column_table_cell av-equal-height-column av-align-top  column-top-margin'     ><style type=\"text\/css\" data-created_by=\"avia_inline_auto\" id=\"style-css-av-l4fho71f-8878ab373a4dfde962d9c4c4ec5f4260\">\n#top .av_textblock_section.av-l4fho71f-8878ab373a4dfde962d9c4c4ec5f4260 .avia_textblock{\nfont-size:40px;\n}\n<\/style>\n<section  class='av_textblock_section av-l4fho71f-8878ab373a4dfde962d9c4c4ec5f4260 '   itemscope=\"itemscope\" itemtype=\"https:\/\/schema.org\/CreativeWork\" ><div class='avia_textblock'  itemprop=\"text\" ><p style=\"text-align: center\"><strong>03.<\/strong><\/p>\n<\/div><\/section><br \/>\n<section  class='av_textblock_section av-l4fhlpjn-e55c07e9552090e8a206113a95840768 '   itemscope=\"itemscope\" itemtype=\"https:\/\/schema.org\/CreativeWork\" ><div class='avia_textblock'  itemprop=\"text\" ><p style=\"text-align: center\">Devoluci\u00f3n de honorarios por sentencia firme.<\/p>\n<\/div><\/section><\/p><\/div><div class='av-flex-placeholder'><\/div>\n<style type=\"text\/css\" data-created_by=\"avia_inline_auto\" id=\"style-css-av-1fae2-c26b26989d026975f4ecc463dca29f8b\">\n.flex_column.av-1fae2-c26b26989d026975f4ecc463dca29f8b{\nwidth:18.4%;\nmargin-left:0;\nborder-radius:4px 4px 4px 4px;\npadding:16px 16px 16px 16px;\nbackground-color:#eef6f7;\n}\n#top .flex_column_table.av-equal-height-column-flextable.av-1fae2-c26b26989d026975f4ecc463dca29f8b .av-flex-placeholder{\nwidth:2%;\n}\n<\/style>\n<div  class='flex_column av-1fae2-c26b26989d026975f4ecc463dca29f8b av_one_fifth  avia-builder-el-36  el_after_av_one_fifth  el_before_av_one_fifth  flex_column_table_cell av-equal-height-column av-align-top  column-top-margin'     ><style type=\"text\/css\" data-created_by=\"avia_inline_auto\" id=\"style-css-av-lg259pls-18d79f5fc26532228be48d70d9757c5e\">\n#top .av_textblock_section.av-lg259pls-18d79f5fc26532228be48d70d9757c5e .avia_textblock{\nfont-size:40px;\n}\n<\/style>\n<section  class='av_textblock_section av-lg259pls-18d79f5fc26532228be48d70d9757c5e '   itemscope=\"itemscope\" itemtype=\"https:\/\/schema.org\/CreativeWork\" ><div class='avia_textblock'  itemprop=\"text\" ><p style=\"text-align: center\"><strong>04.<\/strong><\/p>\n<\/div><\/section><br \/>\n<section  class='av_textblock_section av-lg259x6i-7b45f8037943731b3855a709e2b6463c '   itemscope=\"itemscope\" itemtype=\"https:\/\/schema.org\/CreativeWork\" ><div class='avia_textblock'  itemprop=\"text\" ><p style=\"text-align: center\">Defensa jur\u00eddica independiente especializada.<\/p>\n<\/div><\/section><\/p><\/div><div class='av-flex-placeholder'><\/div>\n<style type=\"text\/css\" data-created_by=\"avia_inline_auto\" id=\"style-css-av-ycla-5337ae5f9170c767f9f316b1de734159\">\n.flex_column.av-ycla-5337ae5f9170c767f9f316b1de734159{\nwidth:18.4%;\nmargin-left:0;\nborder-radius:4px 4px 4px 4px;\npadding:16px 16px 16px 16px;\nbackground-color:#eef6f7;\n}\n#top .flex_column_table.av-equal-height-column-flextable.av-ycla-5337ae5f9170c767f9f316b1de734159 .av-flex-placeholder{\nwidth:2%;\n}\n<\/style>\n<div  class='flex_column av-ycla-5337ae5f9170c767f9f316b1de734159 av_one_fifth  avia-builder-el-39  el_after_av_one_fifth  el_before_av_hr  flex_column_table_cell av-equal-height-column av-align-top  column-top-margin'     ><style type=\"text\/css\" data-created_by=\"avia_inline_auto\" id=\"style-css-av-lg25a0wd-040fd68e048fcd42bf77d253f77fa95d\">\n#top .av_textblock_section.av-lg25a0wd-040fd68e048fcd42bf77d253f77fa95d .avia_textblock{\nfont-size:40px;\n}\n<\/style>\n<section  class='av_textblock_section av-lg25a0wd-040fd68e048fcd42bf77d253f77fa95d '   itemscope=\"itemscope\" itemtype=\"https:\/\/schema.org\/CreativeWork\" ><div class='avia_textblock'  itemprop=\"text\" ><p style=\"text-align: center\"><strong>05.<\/strong><\/p>\n<\/div><\/section><br \/>\n<section  class='av_textblock_section av-lg25aizm-86c570f7e0ec2168e4a983f5ef7823ff '   itemscope=\"itemscope\" itemtype=\"https:\/\/schema.org\/CreativeWork\" ><div class='avia_textblock'  itemprop=\"text\" ><p style=\"text-align: center\">Cobertura al Director M\u00e9dico por responsabilidad m\u00e9dica.<\/p>\n<\/div><\/section><\/p><\/div><\/div><!--close column table wrapper. Autoclose: 1 -->\n<style type=\"text\/css\" data-created_by=\"avia_inline_auto\" id=\"style-css-av-1ppxi-a7169dea10bf41799248f7c6e482d85b\">\n#top .hr.hr-invisible.av-1ppxi-a7169dea10bf41799248f7c6e482d85b{\nheight:20px;\n}\n<\/style>\n<div  class='hr av-1ppxi-a7169dea10bf41799248f7c6e482d85b hr-invisible  avia-builder-el-42  el_after_av_one_fifth  avia-builder-el-last '><span class='hr-inner '><span class=\"hr-inner-style\"><\/span><\/span><\/div>\n\n<\/div><\/div><\/div><!-- close content main div --><\/div><\/div><div id='av_section_5'  class='avia-section av-ul3i-8eeec749bff4e453a6da9853d73dfe88 main_color avia-section-default avia-no-border-styling  avia-builder-el-43  el_after_av_section  el_before_av_section  avia-bg-style-scroll container_wrap sidebar_right'  ><div class='container av-section-cont-open' ><div class='template-page content  av-content-small alpha units'><div class='post-entry post-entry-type-page post-entry-22'><div class='entry-content-wrapper clearfix'>\n\n<style type=\"text\/css\" data-created_by=\"avia_inline_auto\" id=\"style-css-av-7v07m-7a02f4e61e986ccfd0cdd2a78043f21d\">\n#top .hr.hr-invisible.av-7v07m-7a02f4e61e986ccfd0cdd2a78043f21d{\nheight:60px;\n}\n<\/style>\n<div  class='hr av-7v07m-7a02f4e61e986ccfd0cdd2a78043f21d hr-invisible  avia-builder-el-44  el_before_av_one_full  avia-builder-el-first '><span class='hr-inner '><span class=\"hr-inner-style\"><\/span><\/span><\/div>\n<div  class='flex_column av-7p2sa-df9df4aa3c09f06e226787158ab409a3 av_one_full  avia-builder-el-45  el_after_av_hr  el_before_av_one_third  first flex_column_div  '     ><section  class='av_textblock_section av-6vrgm-6df16e2052b6225fc27f4b066973f0b8 '   itemscope=\"itemscope\" itemtype=\"https:\/\/schema.org\/CreativeWork\" ><div class='avia_textblock'  itemprop=\"text\" ><h2 style=\"text-align: center\"><strong>\u00bfPor qu\u00e9 el seguro de responsabilidad civil m\u00e9dica a trav\u00e9s de Aon?<\/strong><\/h2>\n<\/div><\/section><\/div><div  class='flex_column av-67xtm-68dbacc3cc7046046f550c39c014de46 av_one_third  avia-builder-el-47  el_after_av_one_full  el_before_av_one_third  first flex_column_div  column-top-margin'     ><style type=\"text\/css\" data-created_by=\"avia_inline_auto\" id=\"style-css-av-5r94m-3e6a8fc414096471224c4eec2a0c7723\">\n#top .av_textblock_section.av-5r94m-3e6a8fc414096471224c4eec2a0c7723 .avia_textblock{\nfont-size:40px;\n}\n<\/style>\n<section  class='av_textblock_section av-5r94m-3e6a8fc414096471224c4eec2a0c7723 '   itemscope=\"itemscope\" itemtype=\"https:\/\/schema.org\/CreativeWork\" ><div class='avia_textblock'  itemprop=\"text\" ><p style=\"text-align: center\"><strong>01.<\/strong><\/p>\n<\/div><\/section><br \/>\n<section  class='av_textblock_section av-53qg2-5d1627f0e579efcaf9d8b92c81a2114c '   itemscope=\"itemscope\" itemtype=\"https:\/\/schema.org\/CreativeWork\" ><div class='avia_textblock'  itemprop=\"text\" ><p style=\"text-align: center\"><strong>En Aon conocemos en profundidad los retos de la responsabilidad civil sanitaria.<\/strong><\/p>\n<p style=\"text-align: center\">Somos el corredor n\u00ba 1 del mercado en el \u00e1rea sanitaria, participando en la gesti\u00f3n de m\u00e1s de 10 programas de seguros de los servicios p\u00fablicos de salud.<\/p>\n<\/div><\/section><\/p><\/div><div  class='flex_column av-4onxi-bc3ba8063b6bcd14de000a5a60dc4648 av_one_third  avia-builder-el-50  el_after_av_one_third  el_before_av_one_third  flex_column_div  column-top-margin'     ><style type=\"text\/css\" data-created_by=\"avia_inline_auto\" id=\"style-css-av-3qqbq-1bfeba4f9495749c99e8537f4bcb28c6\">\n#top .av_textblock_section.av-3qqbq-1bfeba4f9495749c99e8537f4bcb28c6 .avia_textblock{\nfont-size:40px;\n}\n<\/style>\n<section  class='av_textblock_section av-3qqbq-1bfeba4f9495749c99e8537f4bcb28c6 '   itemscope=\"itemscope\" itemtype=\"https:\/\/schema.org\/CreativeWork\" ><div class='avia_textblock'  itemprop=\"text\" ><p style=\"text-align: center\"><strong>02.<\/strong><\/p>\n<\/div><\/section><br \/>\n<section  class='av_textblock_section av-332xq-f5bf8cb35397ad69ecf11571668d50d2 '   itemscope=\"itemscope\" itemtype=\"https:\/\/schema.org\/CreativeWork\" ><div class='avia_textblock'  itemprop=\"text\" ><p style=\"text-align: center\"><strong>Fruto de ello, gestionamos m\u00e1s de 60.000 siniestros de responsabilidad sanitaria al a\u00f1o.<\/strong> Esto nos proporciona un conocimiento \u00fanico sobre los riesgos sanitarios.<\/p>\n<p style=\"text-align: center\">Nuestro exhaustivo conocimiento de los siniestros de responsabilidad m\u00e9dica nos permite dise\u00f1ar los seguros m\u00e1s adecuados para los m\u00e9dicos. Hemos analizado miles de sentencias por negligencia m\u00e9dica en cirug\u00edas y tratamientos.<\/p>\n<\/div><\/section><\/p><\/div><div  class='flex_column av-2sco6-99471b6e21cef5e47369624490502871 av_one_third  avia-builder-el-53  el_after_av_one_third  el_before_av_hr  flex_column_div  column-top-margin'     ><style type=\"text\/css\" data-created_by=\"avia_inline_auto\" id=\"style-css-av-2b9pa-71765d01e521e636bf06bc6f5742844d\">\n#top .av_textblock_section.av-2b9pa-71765d01e521e636bf06bc6f5742844d .avia_textblock{\nfont-size:40px;\n}\n<\/style>\n<section  class='av_textblock_section av-2b9pa-71765d01e521e636bf06bc6f5742844d '   itemscope=\"itemscope\" itemtype=\"https:\/\/schema.org\/CreativeWork\" ><div class='avia_textblock'  itemprop=\"text\" ><p style=\"text-align: center\"><strong>03.<\/strong><\/p>\n<\/div><\/section><br \/>\n<section  class='av_textblock_section av-1h5oa-1f3e0cb8e643804bad319f850391a3aa '   itemscope=\"itemscope\" itemtype=\"https:\/\/schema.org\/CreativeWork\" ><div class='avia_textblock'  itemprop=\"text\" ><p style=\"text-align: center\"><strong>Nuestro objetivo es ofrecer el mejor asesoramiento a los m\u00e9dicos est\u00e9ticos de la SEME para que protejan su patrimonio y su ejercicio profesional con la m\u00e1xima tranquilidad.<\/strong> Hemos revisado y negociado las condiciones de los seguros para m\u00e9dicos est\u00e9ticos con las compa\u00f1\u00edas aseguradoras para que se ajusten a las particularidades de la medicina est\u00e9tica.<\/p>\n<\/div><\/section><\/p><\/div>\n<style type=\"text\/css\" data-created_by=\"avia_inline_auto\" id=\"style-css-av-425q-707d737f0d2a327e481c322a51c2551b\">\n#top .hr.hr-invisible.av-425q-707d737f0d2a327e481c322a51c2551b{\nheight:20px;\n}\n<\/style>\n<div  class='hr av-425q-707d737f0d2a327e481c322a51c2551b hr-invisible  avia-builder-el-56  el_after_av_one_third  avia-builder-el-last '><span class='hr-inner '><span class=\"hr-inner-style\"><\/span><\/span><\/div>\n\n<\/div><\/div><\/div><!-- close content main div --><\/div><\/div><div id='faqs'  class='avia-section av-236kq-7a3d14783326d943e5929dc995c77c6b main_color avia-section-default avia-no-border-styling  avia-builder-el-57  el_after_av_section  el_before_av_section  avia-bg-style-scroll container_wrap sidebar_right'  ><div class='container av-section-cont-open' ><div class='template-page content  av-content-small alpha units'><div class='post-entry post-entry-type-page post-entry-22'><div class='entry-content-wrapper clearfix'>\n<div class='flex_column_table av-1pi4y-b37b51e8d2cadc7ec1b702e6a1daa094 sc-av_one_third av-equal-height-column-flextable'><div  class='flex_column av-1pi4y-b37b51e8d2cadc7ec1b702e6a1daa094 av_one_third  avia-builder-el-58  el_before_av_two_third  avia-builder-el-first  first flex_column_table_cell av-equal-height-column av-align-middle  '     ><style type=\"text\/css\" data-created_by=\"avia_inline_auto\" id=\"style-css-av-7nvni-baf871e04d2a7074244d23479ea7ca0f\">\n.avia-image-container.av-7nvni-baf871e04d2a7074244d23479ea7ca0f img.avia_image{\nbox-shadow:none;\n}\n.avia-image-container.av-7nvni-baf871e04d2a7074244d23479ea7ca0f .av-image-caption-overlay-center{\ncolor:#ffffff;\n}\n<\/style>\n<div  class='avia-image-container av-7nvni-baf871e04d2a7074244d23479ea7ca0f av-styling-no-styling avia-align-center  avia-builder-el-59  avia-builder-el-no-sibling '   itemprop=\"image\" itemscope=\"itemscope\" itemtype=\"https:\/\/schema.org\/ImageObject\" ><div class=\"avia-image-container-inner\"><div class=\"avia-image-overlay-wrap\"><img decoding=\"async\" fetchpriority=\"high\" class='wp-image-108 avia-img-lazy-loading-not-108 avia_image ' src=\"https:\/\/www.aon.es\/profesionales\/seme\/wp-content\/uploads\/sites\/9\/2022\/06\/ilustracio\u0301n-2-seme_1.png\" alt='Seguros de Responsabilidad Civil Profesional para profesionales de la Medicina Est\u00e9tica' title='ilustracio\u0301n-2-seme_1'  height=\"2560\" width=\"2560\"  itemprop=\"thumbnailUrl\" srcset=\"https:\/\/www.aon.es\/profesionales\/seme\/wp-content\/uploads\/sites\/9\/2022\/06\/ilustracio\u0301n-2-seme_1.png 2560w, https:\/\/www.aon.es\/profesionales\/seme\/wp-content\/uploads\/sites\/9\/2022\/06\/ilustracio\u0301n-2-seme_1-300x300.png 300w, https:\/\/www.aon.es\/profesionales\/seme\/wp-content\/uploads\/sites\/9\/2022\/06\/ilustracio\u0301n-2-seme_1-1030x1030.png 1030w, https:\/\/www.aon.es\/profesionales\/seme\/wp-content\/uploads\/sites\/9\/2022\/06\/ilustracio\u0301n-2-seme_1-80x80.png 80w, https:\/\/www.aon.es\/profesionales\/seme\/wp-content\/uploads\/sites\/9\/2022\/06\/ilustracio\u0301n-2-seme_1-768x768.png 768w, https:\/\/www.aon.es\/profesionales\/seme\/wp-content\/uploads\/sites\/9\/2022\/06\/ilustracio\u0301n-2-seme_1-1536x1536.png 1536w, https:\/\/www.aon.es\/profesionales\/seme\/wp-content\/uploads\/sites\/9\/2022\/06\/ilustracio\u0301n-2-seme_1-2048x2048.png 2048w, https:\/\/www.aon.es\/profesionales\/seme\/wp-content\/uploads\/sites\/9\/2022\/06\/ilustracio\u0301n-2-seme_1-36x36.png 36w, https:\/\/www.aon.es\/profesionales\/seme\/wp-content\/uploads\/sites\/9\/2022\/06\/ilustracio\u0301n-2-seme_1-180x180.png 180w, https:\/\/www.aon.es\/profesionales\/seme\/wp-content\/uploads\/sites\/9\/2022\/06\/ilustracio\u0301n-2-seme_1-1500x1500.png 1500w, https:\/\/www.aon.es\/profesionales\/seme\/wp-content\/uploads\/sites\/9\/2022\/06\/ilustracio\u0301n-2-seme_1-705x705.png 705w\" sizes=\"(max-width: 2560px) 100vw, 2560px\" \/><\/div><\/div><\/div><\/div><div class='av-flex-placeholder'><\/div><div  class='flex_column av-6rewi-ecd10c6ce9e0859b0ae0ce9bf141c5a7 av_two_third  avia-builder-el-60  el_after_av_one_third  el_before_av_two_fifth  flex_column_table_cell av-equal-height-column av-align-middle  '     ><section  class='av_textblock_section av-62vna-f2a892d2c12914264286d9a983ea7336 '   itemscope=\"itemscope\" itemtype=\"https:\/\/schema.org\/CreativeWork\" ><div class='avia_textblock'  itemprop=\"text\" ><h3><strong>Preguntas frecuentes del Seguro de Responsabilidad Civil para Medicina Est\u00e9tica espec\u00edfico para la SEME<\/strong><\/h3>\n<\/div><\/section><br \/>\n\n<style type=\"text\/css\" data-created_by=\"avia_inline_auto\" id=\"style-css-av-5qlza-7eacea9c40e7a55c63f19134ca42dfd2\">\n#top .hr.hr-invisible.av-5qlza-7eacea9c40e7a55c63f19134ca42dfd2{\nheight:20px;\n}\n<\/style>\n<div  class='hr av-5qlza-7eacea9c40e7a55c63f19134ca42dfd2 hr-invisible  avia-builder-el-62  el_after_av_textblock  el_before_av_toggle_container '><span class='hr-inner '><span class=\"hr-inner-style\"><\/span><\/span><\/div><br \/>\n\n<style type=\"text\/css\" data-created_by=\"avia_inline_auto\" id=\"style-css-av-4xqs6-13e4377b946f5f5282807842c2a56eac\">\n#top .togglecontainer.av-4xqs6-13e4377b946f5f5282807842c2a56eac p.toggler{\nbackground-color:#eef6f7;\nborder-color:#ffffff;\n}\n#top .togglecontainer.av-4xqs6-13e4377b946f5f5282807842c2a56eac p.toggler.activeTitle{\ncolor:#007585;\nborder-color:#007585;\n}\n#top .togglecontainer.av-4xqs6-13e4377b946f5f5282807842c2a56eac p.toggler .toggle_icon{\ncolor:#007585;\nborder-color:#007585;\n}\n#top .togglecontainer.av-4xqs6-13e4377b946f5f5282807842c2a56eac p.toggler .toggle_icon > span{\ncolor:#007585;\nborder-color:#007585;\n}\n#top .togglecontainer.av-4xqs6-13e4377b946f5f5282807842c2a56eac .toggle_wrap .toggle_content{\nbackground-color:#eef6f7;\nborder-color:#ffffff;\n}\n<\/style>\n<div  class='togglecontainer av-4xqs6-13e4377b946f5f5282807842c2a56eac  avia-builder-el-63  el_after_av_hr  el_before_av_hr  toggle_close_all' >\n<section class='av_toggle_section av-4heie-a60c1b4d82ac8fb9b24f993ec58d1ec4'  itemscope=\"itemscope\" itemtype=\"https:\/\/schema.org\/CreativeWork\" ><div role=\"tablist\" class=\"single_toggle\" data-tags=\"{Todo} \"  ><p id='toggle-toggle-id-2' data-fake-id='#toggle-id-2' class='toggler  av-title-above av-inherit-border-color'  itemprop=\"headline\"  role='tab' tabindex='0' aria-controls='toggle-id-2' data-slide-speed=\"200\" data-title=\"\u00bfMi p\u00f3liza R.C. Profesional de Medicina Est\u00e9tica cubre el trasplante capilar?\" data-title-open=\"\" data-aria_collapsed=\"Click to expand: \u00bfMi p\u00f3liza R.C. Profesional de Medicina Est\u00e9tica cubre el trasplante capilar?\" data-aria_expanded=\"Click to collapse: \u00bfMi p\u00f3liza R.C. Profesional de Medicina Est\u00e9tica cubre el trasplante capilar?\">\u00bfMi p\u00f3liza R.C. Profesional de Medicina Est\u00e9tica cubre el trasplante capilar?<span class=\"toggle_icon\"><span class=\"vert_icon\"><\/span><span class=\"hor_icon\"><\/span><\/span><\/p><div id='toggle-id-2' aria-labelledby='toggle-toggle-id-2' role='region' class='toggle_wrap  av-title-above'  ><div class='toggle_content invers-color av-inherit-border-color'  itemprop=\"text\" ><p><span lang=\"ES\">Debemos fijarnos que, en los tratamientos incluidos en la p\u00f3liza de R.C., figure expresamente \u00abtrasplante capilar FUE\/FUSS\u00bb y todos los tratamientos asociados al mismo PRP, l\u00e1ser, etc\u2026\u00a0<strong>sin exclusiones al respecto<\/strong>.<\/span><\/p>\n<p><span lang=\"ES\">La p\u00f3liza R.C.Profesional SEME ampara todos los tratamientos medico est\u00e9ticos que figuran en el libro blanco de la SEME.<\/span><\/p>\n<\/div><\/div><\/div><\/section>\n<section class='av_toggle_section av-455xa-1c656648111ed0e6a0f0e9fbcd129a78'  itemscope=\"itemscope\" itemtype=\"https:\/\/schema.org\/CreativeWork\" ><div role=\"tablist\" class=\"single_toggle\" data-tags=\"{Todo} \"  ><p id='toggle-toggle-id-3' data-fake-id='#toggle-id-3' class='toggler  av-title-above av-inherit-border-color'  itemprop=\"headline\"  role='tab' tabindex='0' aria-controls='toggle-id-3' data-slide-speed=\"200\" data-title=\"\u00bfQu\u00e9 ocurre si recibo una reclamaci\u00f3n de un paciente?\u00bfQu\u00e9 debo hacer?\" data-title-open=\"\" data-aria_collapsed=\"Click to expand: \u00bfQu\u00e9 ocurre si recibo una reclamaci\u00f3n de un paciente?\u00bfQu\u00e9 debo hacer?\" data-aria_expanded=\"Click to collapse: \u00bfQu\u00e9 ocurre si recibo una reclamaci\u00f3n de un paciente?\u00bfQu\u00e9 debo hacer?\">\u00bfQu\u00e9 ocurre si recibo una reclamaci\u00f3n de un paciente?\u00bfQu\u00e9 debo hacer?<span class=\"toggle_icon\"><span class=\"vert_icon\"><\/span><span class=\"hor_icon\"><\/span><\/span><\/p><div id='toggle-id-3' aria-labelledby='toggle-toggle-id-3' role='region' class='toggle_wrap  av-title-above'  ><div class='toggle_content invers-color av-inherit-border-color'  itemprop=\"text\" ><p><span lang=\"ES\">El profesional asegurado est\u00e1\u00a0<strong>obligado a comunicarlo a la compa\u00f1\u00eda aseguradora<\/strong>\u00a0para su conocimiento. Cont\u00e1ctanos y te enviaremos una sencilla plantilla de c\u00f3mo proceder.<\/span><\/p>\n<\/div><\/div><\/div><\/section>\n<section class='av_toggle_section av-3a2ei-3917220972a8f384d21e030358c7b904'  itemscope=\"itemscope\" itemtype=\"https:\/\/schema.org\/CreativeWork\" ><div role=\"tablist\" class=\"single_toggle\" data-tags=\"{Todo} \"  ><p id='toggle-toggle-id-4' data-fake-id='#toggle-id-4' class='toggler  av-title-above av-inherit-border-color'  itemprop=\"headline\"  role='tab' tabindex='0' aria-controls='toggle-id-4' data-slide-speed=\"200\" data-title=\"Tengo auxiliares que realizan tratamientos l\u00e1ser y est\u00e9ticos en mi centro, \u00bfest\u00e1n cubiertos por mi seguro de R.C. Individual?\" data-title-open=\"\" data-aria_collapsed=\"Click to expand: Tengo auxiliares que realizan tratamientos l\u00e1ser y est\u00e9ticos en mi centro, \u00bfest\u00e1n cubiertos por mi seguro de R.C. Individual?\" data-aria_expanded=\"Click to collapse: Tengo auxiliares que realizan tratamientos l\u00e1ser y est\u00e9ticos en mi centro, \u00bfest\u00e1n cubiertos por mi seguro de R.C. Individual?\">Tengo auxiliares que realizan tratamientos l\u00e1ser y est\u00e9ticos en mi centro, \u00bfest\u00e1n cubiertos por mi seguro de R.C. Individual?<span class=\"toggle_icon\"><span class=\"vert_icon\"><\/span><span class=\"hor_icon\"><\/span><\/span><\/p><div id='toggle-id-4' aria-labelledby='toggle-toggle-id-4' role='region' class='toggle_wrap  av-title-above'  ><div class='toggle_content invers-color av-inherit-border-color'  itemprop=\"text\" ><p><span lang=\"ES\">Si el desempe\u00f1o de su trabajo consiste en ayudarte en tu actividad medica como auxiliar de cl\u00ednica,\u00a0<strong>SI<\/strong>\u00a0puesto que es personal laboral a tu cargo y la actividad coincide 100% con la tuya. <\/span><\/p>\n<p><span lang=\"ES\">En el caso que realicen un trabajo independiente sin supervisi\u00f3n m\u00e9dica, debemos disponer una cobertura ampliada R.C. Profesional que cubra todos los servicios prestados a pacientes en el centro, exista sociedad m\u00e9dica o no.<\/span><\/p>\n<\/div><\/div><\/div><\/section>\n<section class='av_toggle_section av-2urxu-f6c2a8970cf707a683f5b1540587101d'  itemscope=\"itemscope\" itemtype=\"https:\/\/schema.org\/CreativeWork\" ><div role=\"tablist\" class=\"single_toggle\" data-tags=\"{Todo} \"  ><p id='toggle-toggle-id-5' data-fake-id='#toggle-id-5' class='toggler  av-title-above av-inherit-border-color'  itemprop=\"headline\"  role='tab' tabindex='0' aria-controls='toggle-id-5' data-slide-speed=\"200\" data-title=\"Soy Director M\u00e9dico de una clinica o grupo de Cl\u00ednicas, \u00bfmi seguro cubre la responsabilidad como director m\u00e9dico?\" data-title-open=\"\" data-aria_collapsed=\"Click to expand: Soy Director M\u00e9dico de una clinica o grupo de Cl\u00ednicas, \u00bfmi seguro cubre la responsabilidad como director m\u00e9dico?\" data-aria_expanded=\"Click to collapse: Soy Director M\u00e9dico de una clinica o grupo de Cl\u00ednicas, \u00bfmi seguro cubre la responsabilidad como director m\u00e9dico?\">Soy Director M\u00e9dico de una clinica o grupo de Cl\u00ednicas, \u00bfmi seguro cubre la responsabilidad como director m\u00e9dico?<span class=\"toggle_icon\"><span class=\"vert_icon\"><\/span><span class=\"hor_icon\"><\/span><\/span><\/p><div id='toggle-id-5' aria-labelledby='toggle-toggle-id-5' role='region' class='toggle_wrap  av-title-above'  ><div class='toggle_content invers-color av-inherit-border-color'  itemprop=\"text\" ><p><span lang=\"ES\">En el caso de la p\u00f3liza R.C.Profesional SEME contempla la cobertura director m\u00e9dico como supervisor de la actividad m\u00e9dica y actos m\u00e9dicos del centro<b>.<\/b><\/span><\/p>\n<\/div><\/div><\/div><\/section>\n<\/div><br \/>\n\n<style type=\"text\/css\" data-created_by=\"avia_inline_auto\" id=\"style-css-av-1o7dm-200733a9559b6723c20a15423a9a3e11\">\n#top .hr.hr-invisible.av-1o7dm-200733a9559b6723c20a15423a9a3e11{\nheight:20px;\n}\n<\/style>\n<div  class='hr av-1o7dm-200733a9559b6723c20a15423a9a3e11 hr-invisible  avia-builder-el-64  el_after_av_toggle_container  el_before_av_textblock '><span class='hr-inner '><span class=\"hr-inner-style\"><\/span><\/span><\/div><br \/>\n<section  class='av_textblock_section av-2c71a-f1e29222baacf3fdba9c7a64ffd85a5d '   itemscope=\"itemscope\" itemtype=\"https:\/\/schema.org\/CreativeWork\" ><div class='avia_textblock'  itemprop=\"text\" ><p>Si quiere <strong>contratar el seguro<\/strong>, descargue el formulario, rell\u00e9nelo y env\u00edelo al email: <a title=\"mailto:colegios@aon.es\" href=\"mailto:colegios@aon.es\" data-outlook-id=\"80749a9f-e277-4b35-8ed1-2c73f19ed2ed\">colegios@aon.es<\/a><\/p>\n<\/div><\/section><\/p><\/div><\/div><!--close column table wrapper. Autoclose: 1 --><div  class='flex_column av-1kozm-b5cb019a92372ddff6d69dfcd9a29772 av_two_fifth  avia-builder-el-66  el_after_av_two_third  el_before_av_one_fifth  first flex_column_div  column-top-margin'     ><\/div><div  class='flex_column av-ljppo153-32feb678389066e30b00a81fee6d77e0 av_one_fifth  avia-builder-el-67  el_after_av_two_fifth  el_before_av_one_fifth  flex_column_div  column-top-margin'     ><div  class='avia-button-wrap av-1xpl2-095a020945b6bdb96bd2805cbf6ae84e-wrap avia-button-left  avia-builder-el-68  avia-builder-el-no-sibling '>\n<style type=\"text\/css\" data-created_by=\"avia_inline_auto\" id=\"style-css-av-1xpl2-095a020945b6bdb96bd2805cbf6ae84e\">\n#top #wrap_all .avia-button.av-1xpl2-095a020945b6bdb96bd2805cbf6ae84e{\nbackground-color:#eb0017;\nborder-color:#eb0017;\ntransition:all 0.4s ease-in-out;\n}\n#top #wrap_all .avia-button.av-1xpl2-095a020945b6bdb96bd2805cbf6ae84e:hover{\ncolor:white;\ntransition:all 0.4s ease-in-out;\n}\n#top #wrap_all .avia-button.av-1xpl2-095a020945b6bdb96bd2805cbf6ae84e:hover .avia-svg-icon svg:first-child{\nfill:white;\nstroke:white;\n}\n<\/style>\n<a href='https:\/\/www.aon.es\/profesionales\/seme\/wp-content\/uploads\/sites\/9\/2023\/06\/Solicitud-R.C-SEME_Autorellenable.pdf'  class='avia-button av-1xpl2-095a020945b6bdb96bd2805cbf6ae84e av-link-btn avia-icon_select-no avia-size-medium avia-position-left avia-font-color-theme-color'  target=\"_blank\"  rel=\"noopener noreferrer\"  aria-label=\"Descargar formulario\"><span class='avia_iconbox_title' >Descargar formulario<\/span><span class='avia_button_background avia-button avia-color-theme-color' ><\/span><\/a><\/div><\/div><div  class='flex_column av-1q97y-b12bc839cea8f0319f6a9ee90255eda8 av_one_fifth  avia-builder-el-69  el_after_av_one_fifth  el_before_av_hr  flex_column_div  column-top-margin'     ><div  class='avia-button-wrap av-ljppkqu2-4b0729f5cac5dd26a223d16142f0256c-wrap avia-button-left  avia-builder-el-70  avia-builder-el-no-sibling '>\n<style type=\"text\/css\" data-created_by=\"avia_inline_auto\" id=\"style-css-av-ljppkqu2-4b0729f5cac5dd26a223d16142f0256c\">\n#top #wrap_all .avia-button.av-ljppkqu2-4b0729f5cac5dd26a223d16142f0256c{\nbackground-color:#eb0017;\nborder-color:#eb0017;\ntransition:all 0.4s ease-in-out;\n}\n#top #wrap_all .avia-button.av-ljppkqu2-4b0729f5cac5dd26a223d16142f0256c:hover{\ncolor:white;\ntransition:all 0.4s ease-in-out;\n}\n#top #wrap_all .avia-button.av-ljppkqu2-4b0729f5cac5dd26a223d16142f0256c:hover .avia-svg-icon svg:first-child{\nfill:white;\nstroke:white;\n}\n<\/style>\n<a href='https:\/\/www.aon.es\/profesionales\/seme\/wp-content\/uploads\/sites\/9\/2023\/11\/Propuesta-R.C.Profesional-SEME.pdf'  class='avia-button av-ljppkqu2-4b0729f5cac5dd26a223d16142f0256c av-link-btn avia-icon_select-no avia-size-medium avia-position-left avia-font-color-theme-color'  target=\"_blank\"  rel=\"noopener noreferrer\"  aria-label=\"Resumen de Coberturas\"><span class='avia_iconbox_title' >Resumen de Coberturas<\/span><span class='avia_button_background avia-button avia-color-theme-color' ><\/span><\/a><\/div><\/div>\n<style type=\"text\/css\" data-created_by=\"avia_inline_auto\" id=\"style-css-av-zqla-c2ac012139fce650494838f1160d3cb4\">\n#top .hr.hr-invisible.av-zqla-c2ac012139fce650494838f1160d3cb4{\nheight:40px;\n}\n<\/style>\n<div  class='hr av-zqla-c2ac012139fce650494838f1160d3cb4 hr-invisible  avia-builder-el-71  el_after_av_one_fifth  avia-builder-el-last '><span class='hr-inner '><span class=\"hr-inner-style\"><\/span><\/span><\/div>\n<\/div><\/div><\/div><!-- close content main div --><\/div><\/div><div id='av_section_7'  class='avia-section av-9846-cb7ec554ee2b3185ae8983291360b22f main_color avia-section-default avia-no-border-styling  avia-builder-el-72  el_after_av_section  el_before_av_section  avia-bg-style-scroll container_wrap sidebar_right'  ><div class='container av-section-cont-open' ><div class='template-page content  av-content-small alpha units'><div class='post-entry post-entry-type-page post-entry-22'><div class='entry-content-wrapper clearfix'>\n<div  class='flex_column av-w2hq-3acc384d35c4a45d061ad87bfe905160 av_one_full  avia-builder-el-73  el_before_av_one_half  avia-builder-el-first  first flex_column_div  '     ><section  class='av_textblock_section av-l4zr3t9a-79aad1a18c4a3534b42374ca660baf0b '   itemscope=\"itemscope\" itemtype=\"https:\/\/schema.org\/CreativeWork\" ><div class='avia_textblock'  itemprop=\"text\" ><h2 style=\"text-align: center\"><strong>Otros seguros especiales para SEME<\/strong><\/h2>\n<\/div><\/section><\/div>\n<style type=\"text\/css\" data-created_by=\"avia_inline_auto\" id=\"style-css-av-l4zr0i0j-23bab35b9e836170157edc61c4b6c25c\">\n.flex_column.av-l4zr0i0j-23bab35b9e836170157edc61c4b6c25c{\nborder-width:2px;\nborder-color:#eef6f7;\nborder-style:solid;\nborder-radius:8px 8px 8px 8px;\npadding:30px 30px 30px 30px;\n}\n<\/style>\n<div  class='flex_column av-l4zr0i0j-23bab35b9e836170157edc61c4b6c25c av_one_half  avia-builder-el-75  el_after_av_one_full  el_before_av_one_half  first flex_column_div  column-top-margin'     ><section  class='av_textblock_section av-l4fk2uu6-2966b501dbe448c7e2718ef0e4925443 '   itemscope=\"itemscope\" itemtype=\"https:\/\/schema.org\/CreativeWork\" ><div class='avia_textblock'  itemprop=\"text\" ><h2 style=\"text-align: left\"><strong>Seguro de Vida<\/strong><\/h2>\n<p>Prot\u00e9gete a ti y a los tuyos con este seguro de vida dise\u00f1ado especialmente para los profesionales de la Sociedad Espa\u00f1ola de Medicina Est\u00e9tica.<\/p>\n<\/div><\/section><br \/>\n<div  class='avia-button-wrap av-qli2-0ff4e8b622d405dd7033cc109ba82475-wrap avia-button-left  avia-builder-el-77  el_after_av_textblock  avia-builder-el-last '>\n<style type=\"text\/css\" data-created_by=\"avia_inline_auto\" id=\"style-css-av-qli2-0ff4e8b622d405dd7033cc109ba82475\">\n#top #wrap_all .avia-button.av-qli2-0ff4e8b622d405dd7033cc109ba82475{\nbackground-color:#262836;\nborder-color:#262836;\ntransition:all 0.4s ease-in-out;\n}\n#top #wrap_all .avia-button.av-qli2-0ff4e8b622d405dd7033cc109ba82475:hover{\ncolor:white;\ntransition:all 0.4s ease-in-out;\n}\n#top #wrap_all .avia-button.av-qli2-0ff4e8b622d405dd7033cc109ba82475:hover .avia-svg-icon svg:first-child{\nfill:white;\nstroke:white;\n}\n<\/style>\n<a href='https:\/\/www.aon.es\/profesionales\/seme\/seguro-vida\/'  class='avia-button av-qli2-0ff4e8b622d405dd7033cc109ba82475 av-link-btn avia-icon_select-no avia-size-medium avia-position-left avia-font-color-theme-color'   aria-label=\"M\u00e1s informaci\u00f3n\"><span class='avia_iconbox_title' >M\u00e1s informaci\u00f3n<\/span><span class='avia_button_background avia-button avia-color-theme-color' ><\/span><\/a><\/div><\/p><\/div>\n<style type=\"text\/css\" data-created_by=\"avia_inline_auto\" id=\"style-css-av-1xde6-f61a3cb332a614e12088a6edeac3021d\">\n.flex_column.av-1xde6-f61a3cb332a614e12088a6edeac3021d{\nborder-width:2px;\nborder-color:#eef6f7;\nborder-style:solid;\nborder-radius:8px 8px 8px 8px;\npadding:30px 30px 30px 30px;\n}\n<\/style>\n<div  class='flex_column av-1xde6-f61a3cb332a614e12088a6edeac3021d av_one_half  avia-builder-el-78  el_after_av_one_half  el_before_av_hr  flex_column_div  column-top-margin'     ><section  class='av_textblock_section av-l4zr2qvq-03839430be0d8aedfde78e0aeef9290d '   itemscope=\"itemscope\" itemtype=\"https:\/\/schema.org\/CreativeWork\" ><div class='avia_textblock'  itemprop=\"text\" ><h2 style=\"text-align: left\"><strong>Seguro de Accidentes<\/strong><\/h2>\n<p>Protege tu futuro con este seguro de accidentes espec\u00edfico para m\u00e9dicos est\u00e9ticos. Incluye accidentes por contagio de VIH o hepatitis.<\/p>\n<\/div><\/section><br \/>\n<div  class='avia-button-wrap av-l4zr2vop-133572a0fbb2b0409aa03410548d9784-wrap avia-button-left  avia-builder-el-80  el_after_av_textblock  avia-builder-el-last '>\n<style type=\"text\/css\" data-created_by=\"avia_inline_auto\" id=\"style-css-av-l4zr2vop-133572a0fbb2b0409aa03410548d9784\">\n#top #wrap_all .avia-button.av-l4zr2vop-133572a0fbb2b0409aa03410548d9784{\nbackground-color:#262836;\nborder-color:#262836;\ntransition:all 0.4s ease-in-out;\n}\n#top #wrap_all .avia-button.av-l4zr2vop-133572a0fbb2b0409aa03410548d9784:hover{\ncolor:white;\ntransition:all 0.4s ease-in-out;\n}\n#top #wrap_all .avia-button.av-l4zr2vop-133572a0fbb2b0409aa03410548d9784:hover .avia-svg-icon svg:first-child{\nfill:white;\nstroke:white;\n}\n<\/style>\n<a href='https:\/\/www.aon.es\/profesionales\/seme\/seguro-accidentes\/'  class='avia-button av-l4zr2vop-133572a0fbb2b0409aa03410548d9784 av-link-btn avia-icon_select-no avia-size-medium avia-position-left avia-font-color-theme-color'   aria-label=\"M\u00e1s informaci\u00f3n\"><span class='avia_iconbox_title' >M\u00e1s informaci\u00f3n<\/span><span class='avia_button_background avia-button avia-color-theme-color' ><\/span><\/a><\/div><\/p><\/div>\n<style type=\"text\/css\" data-created_by=\"avia_inline_auto\" id=\"style-css-av-1f2wm-b50649b83993c7e32084eee07ed1f92e\">\n#top .hr.hr-invisible.av-1f2wm-b50649b83993c7e32084eee07ed1f92e{\nheight:40px;\n}\n<\/style>\n<div  class='hr av-1f2wm-b50649b83993c7e32084eee07ed1f92e hr-invisible  avia-builder-el-81  el_after_av_one_half  avia-builder-el-last '><span class='hr-inner '><span class=\"hr-inner-style\"><\/span><\/span><\/div>\n<\/p>\n<\/div><\/div><\/div><!-- close content main div --><\/div><\/div>\n<style type=\"text\/css\" data-created_by=\"avia_inline_auto\" id=\"style-css-av-l4fk22vv-172f7c571a8420bbc4009ab457080c8a\">\n.avia-section.av-l4fk22vv-172f7c571a8420bbc4009ab457080c8a{\nbackground-color:#eef6f7;\nbackground-image:unset;\n}\n<\/style>\n<div id='contacto'  class='avia-section av-l4fk22vv-172f7c571a8420bbc4009ab457080c8a main_color avia-section-default avia-no-border-styling  avia-builder-el-82  el_after_av_section  avia-builder-el-last  avia-bg-style-scroll container_wrap sidebar_right'  ><div class='container av-section-cont-open' ><div class='template-page content  av-content-small alpha units'><div class='post-entry post-entry-type-page post-entry-22'><div class='entry-content-wrapper clearfix'>\n\n<style type=\"text\/css\" data-created_by=\"avia_inline_auto\" id=\"style-css-av-4fdwi-81b5c6723a81ee694deb2a592ce9da25\">\n#top .hr.hr-invisible.av-4fdwi-81b5c6723a81ee694deb2a592ce9da25{\nheight:40px;\n}\n<\/style>\n<div  class='hr av-4fdwi-81b5c6723a81ee694deb2a592ce9da25 hr-invisible  avia-builder-el-83  el_before_av_one_half  avia-builder-el-first '><span class='hr-inner '><span class=\"hr-inner-style\"><\/span><\/span><\/div>\n<div  id=\"formulario\"  class='flex_column av-40fv2-e41b793670e4b09c7aa937fdd3153922 av_one_half  avia-builder-el-84  el_after_av_hr  el_before_av_hr  first flex_column_div  '     ><section  class='av_textblock_section av-yzfi-be762db617b0540f1c5295ec3b95b5fa '   itemscope=\"itemscope\" itemtype=\"https:\/\/schema.org\/CreativeWork\" ><div class='avia_textblock'  itemprop=\"text\" ><h2 style=\"text-align: left\"><strong>\u00bfNecesitas ayuda?<\/strong><\/h2>\n<p>Ponte en contacto con nosotros y resolveremos todas tus dudas<\/p>\n<\/div><\/section><br \/>\n<section  class='av_textblock_section av-qrwm-19b7c7b46f70b66924a7454b00777a1b '   itemscope=\"itemscope\" itemtype=\"https:\/\/schema.org\/CreativeWork\" ><div class='avia_textblock'  itemprop=\"text\" ><script type=\"text\/javascript\">\n\/* <![CDATA[ *\/\nvar gform;gform||(document.addEventListener(\"gform_main_scripts_loaded\",function(){gform.scriptsLoaded=!0}),document.addEventListener(\"gform\/theme\/scripts_loaded\",function(){gform.themeScriptsLoaded=!0}),window.addEventListener(\"DOMContentLoaded\",function(){gform.domLoaded=!0}),gform={domLoaded:!1,scriptsLoaded:!1,themeScriptsLoaded:!1,isFormEditor:()=>\"function\"==typeof InitializeEditor,callIfLoaded:function(o){return!(!gform.domLoaded||!gform.scriptsLoaded||!gform.themeScriptsLoaded&&!gform.isFormEditor()||(gform.isFormEditor()&&console.warn(\"The use of gform.initializeOnLoaded() is deprecated in the form editor context and will be removed in Gravity Forms 3.1.\"),o(),0))},initializeOnLoaded:function(o){gform.callIfLoaded(o)||(document.addEventListener(\"gform_main_scripts_loaded\",()=>{gform.scriptsLoaded=!0,gform.callIfLoaded(o)}),document.addEventListener(\"gform\/theme\/scripts_loaded\",()=>{gform.themeScriptsLoaded=!0,gform.callIfLoaded(o)}),window.addEventListener(\"DOMContentLoaded\",()=>{gform.domLoaded=!0,gform.callIfLoaded(o)}))},hooks:{action:{},filter:{}},addAction:function(o,r,e,t){gform.addHook(\"action\",o,r,e,t)},addFilter:function(o,r,e,t){gform.addHook(\"filter\",o,r,e,t)},doAction:function(o){gform.doHook(\"action\",o,arguments)},applyFilters:function(o){return gform.doHook(\"filter\",o,arguments)},removeAction:function(o,r){gform.removeHook(\"action\",o,r)},removeFilter:function(o,r,e){gform.removeHook(\"filter\",o,r,e)},addHook:function(o,r,e,t,n){null==gform.hooks[o][r]&&(gform.hooks[o][r]=[]);var d=gform.hooks[o][r];null==n&&(n=r+\"_\"+d.length),gform.hooks[o][r].push({tag:n,callable:e,priority:t=null==t?10:t})},doHook:function(r,o,e){var t;if(e=Array.prototype.slice.call(e,1),null!=gform.hooks[r][o]&&((o=gform.hooks[r][o]).sort(function(o,r){return o.priority-r.priority}),o.forEach(function(o){\"function\"!=typeof(t=o.callable)&&(t=window[t]),\"action\"==r?t.apply(null,e):e[0]=t.apply(null,e)})),\"filter\"==r)return e[0]},removeHook:function(o,r,t,n){var e;null!=gform.hooks[o][r]&&(e=(e=gform.hooks[o][r]).filter(function(o,r,e){return!!(null!=n&&n!=o.tag||null!=t&&t!=o.priority)}),gform.hooks[o][r]=e)}});\n\/* ]]> *\/\n<\/script>\n\n                <div class='gf_browser_gecko gform_wrapper gravity-theme gform-theme--no-framework' data-form-theme='gravity-theme' data-form-index='0' id='gform_wrapper_1' ><form method='post' enctype='multipart\/form-data'  id='gform_1'  action='\/profesionales\/seme\/wp-json\/wp\/v2\/pages\/22' data-formid='1' novalidate>\n                        <div class='gform-body gform_body'><div id='gform_fields_1' class='gform_fields top_label form_sublabel_above description_above validation_below'><div id=\"field_1_4\" class=\"gfield gfield--type-text gfield--input-type-text gfield--width-half gfield_contains_required field_sublabel_above gfield--no-description field_description_above hidden_label field_validation_below gfield_visibility_visible\"  ><label class='gfield_label gform-field-label' for='input_1_4'>Nombre<span class=\"gfield_required\"><span class=\"gfield_required gfield_required_text\">(Obligatorio)<\/span><\/span><\/label><div class='ginput_container ginput_container_text'><input name='input_4' id='input_1_4' type='text' value='' class='large'    placeholder='Nombre*' aria-required=\"true\" aria-invalid=\"false\"   \/><\/div><\/div><div id=\"field_1_8\" class=\"gfield gfield--type-email gfield--input-type-email gfield--width-half gfield_contains_required field_sublabel_above gfield--no-description field_description_above hidden_label field_validation_below gfield_visibility_visible\"  ><label class='gfield_label gform-field-label' for='input_1_8'>Correo electr\u00f3nico<span class=\"gfield_required\"><span class=\"gfield_required gfield_required_text\">(Obligatorio)<\/span><\/span><\/label><div class='ginput_container ginput_container_email'>\n                            <input name='input_8' id='input_1_8' type='email' value='' class='large'   placeholder='Correo electr\u00f3nico*' aria-required=\"true\" aria-invalid=\"false\"  \/>\n                        <\/div><\/div><div id=\"field_1_9\" class=\"gfield gfield--type-phone gfield--input-type-phone gfield--width-half gfield_contains_required field_sublabel_above gfield--no-description field_description_above hidden_label field_validation_below gfield_visibility_visible\"  ><label class='gfield_label gform-field-label' for='input_1_9'>Tel\u00e9fono<span class=\"gfield_required\"><span class=\"gfield_required gfield_required_text\">(Obligatorio)<\/span><\/span><\/label><div class='ginput_container ginput_container_phone'><input name='input_9' id='input_1_9' type='tel' value='' class='large'  placeholder='Tel\u00e9fono*' aria-required=\"true\" aria-invalid=\"false\"   \/><\/div><\/div><div id=\"field_1_7\" class=\"gfield gfield--type-text gfield--input-type-text gfield--width-half gfield_contains_required field_sublabel_above gfield--no-description field_description_above hidden_label field_validation_below gfield_visibility_visible\"  ><label class='gfield_label gform-field-label' for='input_1_7'>Nombre<span class=\"gfield_required\"><span class=\"gfield_required gfield_required_text\">(Obligatorio)<\/span><\/span><\/label><div class='ginput_container ginput_container_text'><input name='input_7' id='input_1_7' type='text' value='' class='large'    placeholder='Mensaje*' aria-required=\"true\" aria-invalid=\"false\"   \/><\/div><\/div><fieldset id=\"field_1_11\" class=\"gfield gfield--type-consent gfield--type-choice gfield--input-type-consent gfield--width-full gfield_contains_required field_sublabel_above gfield--no-description field_description_above hidden_label field_validation_below gfield_visibility_visible\"  ><legend class='gfield_label gform-field-label gfield_label_before_complex' >Consentimiento<span class=\"gfield_required\"><span class=\"gfield_required gfield_required_text\">(Obligatorio)<\/span><\/span><\/legend><div class='ginput_container ginput_container_consent'><input name='input_11.1' id='input_1_11_1' type='checkbox' value='1'   aria-required=\"true\" aria-invalid=\"false\"   \/> <label class=\"gform-field-label gform-field-label--type-inline gfield_consent_label\" for='input_1_11_1' >He le\u00eddo y acepto la <a href=\"http:\/\/www.aon.com\/spain\/privacidad.jsp\">Pol\u00edtica de Privacidad<\/a><span class=\"gfield_required gfield_required_text\">(Obligatorio)<\/span><\/label><input type='hidden' name='input_11.2' value='He le\u00eddo y acepto la &lt;a href=&quot;http:\/\/www.aon.com\/spain\/privacidad.jsp&quot;&gt;Pol\u00edtica de Privacidad&lt;\/a&gt;' class='gform_hidden' \/><input type='hidden' name='input_11.3' value='1' class='gform_hidden' \/><\/div><\/fieldset><fieldset id=\"field_1_12\" class=\"gfield gfield--type-checkbox gfield--type-choice gfield--input-type-checkbox gfield--width-full field_sublabel_above gfield--no-description field_description_above hidden_label field_validation_below gfield_visibility_visible\"  ><legend class='gfield_label gform-field-label gfield_label_before_complex' >Deseo recibir informaci\u00f3n sobre novedades y promociones de Aon Iberia.<\/legend><div class='ginput_container ginput_container_checkbox'><div class='gfield_checkbox ' id='input_1_12'><div class='gchoice gchoice_1_12_1'>\n\t\t\t\t\t\t\t\t<input class='gfield-choice-input' name='input_12.1' type='checkbox'  value='S\u00ed quiere recibir correos promocionales'  id='choice_1_12_1'   \/>\n\t\t\t\t\t\t\t\t<label for='choice_1_12_1' id='label_1_12_1' class='gform-field-label gform-field-label--type-inline'>Deseo recibir informaci\u00f3n sobre novedades y promociones de Aon Iberia.<\/label>\n\t\t\t\t\t\t\t<\/div><\/div><\/div><\/fieldset><\/div><\/div>\n        <div class='gform-footer gform_footer top_label'> <input type='submit' id='gform_submit_button_1' class='gform_button button' onclick='gform.submission.handleButtonClick(this);' data-submission-type='submit' value='Solicitar informaci\u00f3n'  \/> \n            <input type='hidden' class='gform_hidden' name='gform_submission_method' data-js='gform_submission_method_1' value='postback' \/>\n            <input type='hidden' class='gform_hidden' name='gform_theme' data-js='gform_theme_1' id='gform_theme_1' value='gravity-theme' \/>\n            <input type='hidden' class='gform_hidden' name='gform_style_settings' data-js='gform_style_settings_1' id='gform_style_settings_1' value='[]' \/>\n            <input type='hidden' class='gform_hidden' name='is_submit_1' value='1' \/>\n            <input type='hidden' class='gform_hidden' name='gform_submit' value='1' \/>\n            \n            <input type='hidden' class='gform_hidden' name='gform_currency' data-currency='EUR' value='O3dmNw2yeuRKm3PINiuiF+YOYYekSuxzANvCFgG5SfWTmV9cHOWZmWkn2A2PF2FcD6lmKxaMA+aK9RFzcoJnoW6UxnLr60Ep3TU1tE+wlGebjHU=' \/>\n            <input type='hidden' class='gform_hidden' name='gform_unique_id' value='' \/>\n            <input type='hidden' class='gform_hidden' name='state_1' value='WyJ7XCIxMS4xXCI6XCJlNGI5NjgxODAxYzExNDk4MDMyMzAzZjllZmJjNTRmM1wiLFwiMTEuMlwiOlwiMjE0MjEyMTAwNDljNDcwNGQyNDI3ZDE2YjRmZmZjN2RcIixcIjExLjNcIjpcImU0Yjk2ODE4MDFjMTE0OTgwMzIzMDNmOWVmYmM1NGYzXCIsXCIxMi4xXCI6XCJlMDdlOTcwN2E0MzBhNmEwYTA2YWRkMzNhMDQyN2M5NlwifSIsIjFiMTBjODliZWQ3MmUyYmU0ZmFlZmI0Y2Y2NTNjMzliIl0=' \/>\n            <input type='hidden' autocomplete='off' class='gform_hidden' name='gform_target_page_number_1' id='gform_target_page_number_1' value='0' \/>\n            <input type='hidden' autocomplete='off' class='gform_hidden' name='gform_source_page_number_1' id='gform_source_page_number_1' value='1' \/>\n            <input type='hidden' name='gform_field_values' value='' \/>\n            \n        <\/div>\n                        <\/form>\n                        <\/div><script type=\"text\/javascript\">\n\/* <![CDATA[ *\/\n gform.initializeOnLoaded( function() {gformInitSpinner( 1, 'https:\/\/www.aon.es\/profesionales\/seme\/wp-content\/plugins\/gravityforms\/images\/spinner.svg', true );jQuery('#gform_ajax_frame_1').on('load',function(){var contents = jQuery(this).contents().find('*').html();var is_postback = contents.indexOf('GF_AJAX_POSTBACK') >= 0;if(!is_postback){return;}var form_content = jQuery(this).contents().find('#gform_wrapper_1');var is_confirmation = jQuery(this).contents().find('#gform_confirmation_wrapper_1').length > 0;var is_redirect = contents.indexOf('gformRedirect(){') >= 0;var is_form = form_content.length > 0 && ! is_redirect && ! is_confirmation;var mt = parseInt(jQuery('html').css('margin-top'), 10) + parseInt(jQuery('body').css('margin-top'), 10) + 100;if(is_form){jQuery('#gform_wrapper_1').html(form_content.html());if(form_content.hasClass('gform_validation_error')){jQuery('#gform_wrapper_1').addClass('gform_validation_error');} else {jQuery('#gform_wrapper_1').removeClass('gform_validation_error');}setTimeout( function() { \/* delay the scroll by 50 milliseconds to fix a bug in chrome *\/  }, 50 );if(window['gformInitDatepicker']) {gformInitDatepicker();}if(window['gformInitPriceFields']) {gformInitPriceFields();}var current_page = jQuery('#gform_source_page_number_1').val();gformInitSpinner( 1, 'https:\/\/www.aon.es\/profesionales\/seme\/wp-content\/plugins\/gravityforms\/images\/spinner.svg', true );jQuery(document).trigger('gform_page_loaded', [1, current_page]);window['gf_submitting_1'] = false;}else if(!is_redirect){var confirmation_content = jQuery(this).contents().find('.GF_AJAX_POSTBACK').html();if(!confirmation_content){confirmation_content = contents;}jQuery('#gform_wrapper_1').replaceWith(confirmation_content);jQuery(document).trigger('gform_confirmation_loaded', [1]);window['gf_submitting_1'] = false;wp.a11y.speak(jQuery('#gform_confirmation_message_1').text());}else{jQuery('#gform_1').append(contents);if(window['gformRedirect']) {gformRedirect();}}jQuery(document).trigger(\"gform_pre_post_render\", [{ formId: \"1\", currentPage: \"current_page\", abort: function() { this.preventDefault(); } }]);        if (event && event.defaultPrevented) {                return;        }        const gformWrapperDiv = document.getElementById( \"gform_wrapper_1\" );        if ( gformWrapperDiv ) {            const visibilitySpan = document.createElement( \"span\" );            visibilitySpan.id = \"gform_visibility_test_1\";            gformWrapperDiv.insertAdjacentElement( \"afterend\", visibilitySpan );        }        const visibilityTestDiv = document.getElementById( \"gform_visibility_test_1\" );        let postRenderFired = false;        function triggerPostRender() {            if ( postRenderFired ) {                return;            }            postRenderFired = true;            gform.core.triggerPostRenderEvents( 1, current_page );            if ( visibilityTestDiv ) {                visibilityTestDiv.parentNode.removeChild( visibilityTestDiv );            }        }        function debounce( func, wait, immediate ) {            var timeout;            return function() {                var context = this, args = arguments;                var later = function() {                    timeout = null;                    if ( !immediate ) func.apply( context, args );                };                var callNow = immediate && !timeout;                clearTimeout( timeout );                timeout = setTimeout( later, wait );                if ( callNow ) func.apply( context, args );            };        }        const debouncedTriggerPostRender = debounce( function() {            triggerPostRender();        }, 200 );        if ( visibilityTestDiv && visibilityTestDiv.offsetParent === null ) {            const observer = new MutationObserver( ( mutations ) => {                mutations.forEach( ( mutation ) => {                    if ( mutation.type === 'attributes' && visibilityTestDiv.offsetParent !== null ) {                        debouncedTriggerPostRender();                        observer.disconnect();                    }                });            });            observer.observe( document.body, {                attributes: true,                childList: false,                subtree: true,                attributeFilter: [ 'style', 'class' ],            });        } else {            triggerPostRender();        }    } );} ); \n\/* ]]> *\/\n<\/script>\n\n<\/div><\/section><\/p><\/div>\n<style type=\"text\/css\" data-created_by=\"avia_inline_auto\" id=\"style-css-av-14jnu-bb6136392967255544ccbfeaf771ff08\">\n#top .hr.hr-invisible.av-14jnu-bb6136392967255544ccbfeaf771ff08{\nheight:20px;\n}\n<\/style>\n<div  class='hr av-14jnu-bb6136392967255544ccbfeaf771ff08 hr-invisible  avia-builder-el-87  el_after_av_one_half  avia-builder-el-last '><span class='hr-inner '><span class=\"hr-inner-style\"><\/span><\/span><\/div>\n<\/div><\/div><\/div><!-- close content main div --><\/div><\/div><div id='after_section_8'  class='main_color av_default_container_wrap container_wrap sidebar_right'  ><div class='container av-section-cont-open' ><div class='template-page content  av-content-small alpha units'><div class='post-entry post-entry-type-page post-entry-22'><div class='entry-content-wrapper clearfix'>\n","protected":false},"excerpt":{"rendered":"","protected":false},"author":10,"featured_media":0,"parent":0,"menu_order":0,"comment_status":"closed","ping_status":"closed","template":"","meta":{"footnotes":""},"class_list":["post-22","page","type-page","status-publish","hentry"],"yoast_head":"<!-- This site is optimized with the Yoast SEO plugin v27.5 - https:\/\/yoast.com\/product\/yoast-seo-wordpress\/ -->\n<title>Seguros para profesionales de la medicina est\u00e9tica - Sociedad Espa\u00f1ola de Medicina est\u00e9tica<\/title>\n<meta name=\"robots\" content=\"noindex, nofollow\" \/>\n<meta property=\"og:locale\" content=\"es_ES\" \/>\n<meta property=\"og:type\" content=\"article\" \/>\n<meta property=\"og:title\" content=\"Seguros para profesionales de la medicina est\u00e9tica - Sociedad Espa\u00f1ola de Medicina est\u00e9tica\" \/>\n<meta property=\"og:url\" content=\"https:\/\/www.aon.es\/profesionales\/seme\/seguros-medicina-estetica\/\" \/>\n<meta property=\"og:site_name\" content=\"Sociedad Espa\u00f1ola de Medicina est\u00e9tica\" \/>\n<meta property=\"article:modified_time\" content=\"2026-02-12T07:32:19+00:00\" \/>\n<meta property=\"og:image\" content=\"https:\/\/www.aon.es\/profesionales\/seme\/wp-content\/uploads\/sites\/9\/2026\/02\/LOGO-RELYENS-scaled.png\" \/>\n\t<meta property=\"og:image:width\" content=\"2560\" \/>\n\t<meta property=\"og:image:height\" content=\"1225\" \/>\n\t<meta property=\"og:image:type\" content=\"image\/png\" \/>\n<meta name=\"twitter:card\" content=\"summary_large_image\" \/>\n<meta name=\"twitter:label1\" content=\"Tiempo de lectura\" \/>\n\t<meta name=\"twitter:data1\" content=\"6 minutos\" \/>\n<script type=\"application\/ld+json\" class=\"yoast-schema-graph\">{\"@context\":\"https:\\\/\\\/schema.org\",\"@graph\":[{\"@type\":\"WebPage\",\"@id\":\"https:\\\/\\\/www.aon.es\\\/profesionales\\\/seme\\\/seguros-medicina-estetica\\\/\",\"url\":\"https:\\\/\\\/www.aon.es\\\/profesionales\\\/seme\\\/seguros-medicina-estetica\\\/\",\"name\":\"Seguros para profesionales de la medicina est\u00e9tica - Sociedad Espa\u00f1ola de Medicina est\u00e9tica\",\"isPartOf\":{\"@id\":\"https:\\\/\\\/www.aon.es\\\/profesionales\\\/seme\\\/#website\"},\"primaryImageOfPage\":{\"@id\":\"https:\\\/\\\/www.aon.es\\\/profesionales\\\/seme\\\/seguros-medicina-estetica\\\/#primaryimage\"},\"image\":{\"@id\":\"https:\\\/\\\/www.aon.es\\\/profesionales\\\/seme\\\/seguros-medicina-estetica\\\/#primaryimage\"},\"thumbnailUrl\":\"https:\\\/\\\/www.aon.es\\\/profesionales\\\/seme\\\/wp-content\\\/uploads\\\/sites\\\/9\\\/2026\\\/02\\\/LOGO-RELYENS-300x144.png\",\"datePublished\":\"2022-06-01T15:26:14+00:00\",\"dateModified\":\"2026-02-12T07:32:19+00:00\",\"breadcrumb\":{\"@id\":\"https:\\\/\\\/www.aon.es\\\/profesionales\\\/seme\\\/seguros-medicina-estetica\\\/#breadcrumb\"},\"inLanguage\":\"es\",\"potentialAction\":[{\"@type\":\"ReadAction\",\"target\":[\"https:\\\/\\\/www.aon.es\\\/profesionales\\\/seme\\\/seguros-medicina-estetica\\\/\"]}]},{\"@type\":\"ImageObject\",\"inLanguage\":\"es\",\"@id\":\"https:\\\/\\\/www.aon.es\\\/profesionales\\\/seme\\\/seguros-medicina-estetica\\\/#primaryimage\",\"url\":\"https:\\\/\\\/www.aon.es\\\/profesionales\\\/seme\\\/wp-content\\\/uploads\\\/sites\\\/9\\\/2026\\\/02\\\/LOGO-RELYENS-scaled.png\",\"contentUrl\":\"https:\\\/\\\/www.aon.es\\\/profesionales\\\/seme\\\/wp-content\\\/uploads\\\/sites\\\/9\\\/2026\\\/02\\\/LOGO-RELYENS-scaled.png\",\"width\":2560,\"height\":1225,\"caption\":\"LOGO RELYENS\"},{\"@type\":\"BreadcrumbList\",\"@id\":\"https:\\\/\\\/www.aon.es\\\/profesionales\\\/seme\\\/seguros-medicina-estetica\\\/#breadcrumb\",\"itemListElement\":[{\"@type\":\"ListItem\",\"position\":1,\"name\":\"Home\",\"item\":\"https:\\\/\\\/www.aon.es\\\/profesionales\\\/seme\\\/seguros-medicina-estetica\\\/\"},{\"@type\":\"ListItem\",\"position\":2,\"name\":\"Seguros para profesionales de la medicina est\u00e9tica\"}]},{\"@type\":\"WebSite\",\"@id\":\"https:\\\/\\\/www.aon.es\\\/profesionales\\\/seme\\\/#website\",\"url\":\"https:\\\/\\\/www.aon.es\\\/profesionales\\\/seme\\\/\",\"name\":\"Sociedad Espa\u00f1ola de Medicina est\u00e9tica\",\"description\":\"Seguros para la Sociedad Espa\u00f1ola de Medicina est\u00e9tica\",\"potentialAction\":[{\"@type\":\"SearchAction\",\"target\":{\"@type\":\"EntryPoint\",\"urlTemplate\":\"https:\\\/\\\/www.aon.es\\\/profesionales\\\/seme\\\/?s={search_term_string}\"},\"query-input\":{\"@type\":\"PropertyValueSpecification\",\"valueRequired\":true,\"valueName\":\"search_term_string\"}}],\"inLanguage\":\"es\"}]}<\/script>\n<!-- \/ Yoast SEO plugin. -->","yoast_head_json":{"title":"Seguros para profesionales de la medicina est\u00e9tica - Sociedad Espa\u00f1ola de Medicina est\u00e9tica","robots":{"index":"noindex","follow":"nofollow"},"og_locale":"es_ES","og_type":"article","og_title":"Seguros para profesionales de la medicina est\u00e9tica - Sociedad Espa\u00f1ola de Medicina est\u00e9tica","og_url":"https:\/\/www.aon.es\/profesionales\/seme\/seguros-medicina-estetica\/","og_site_name":"Sociedad Espa\u00f1ola de Medicina est\u00e9tica","article_modified_time":"2026-02-12T07:32:19+00:00","og_image":[{"width":2560,"height":1225,"url":"https:\/\/www.aon.es\/profesionales\/seme\/wp-content\/uploads\/sites\/9\/2026\/02\/LOGO-RELYENS-scaled.png","type":"image\/png"}],"twitter_card":"summary_large_image","twitter_misc":{"Tiempo de lectura":"6 minutos"},"schema":{"@context":"https:\/\/schema.org","@graph":[{"@type":"WebPage","@id":"https:\/\/www.aon.es\/profesionales\/seme\/seguros-medicina-estetica\/","url":"https:\/\/www.aon.es\/profesionales\/seme\/seguros-medicina-estetica\/","name":"Seguros para profesionales de la medicina est\u00e9tica - Sociedad Espa\u00f1ola de Medicina est\u00e9tica","isPartOf":{"@id":"https:\/\/www.aon.es\/profesionales\/seme\/#website"},"primaryImageOfPage":{"@id":"https:\/\/www.aon.es\/profesionales\/seme\/seguros-medicina-estetica\/#primaryimage"},"image":{"@id":"https:\/\/www.aon.es\/profesionales\/seme\/seguros-medicina-estetica\/#primaryimage"},"thumbnailUrl":"https:\/\/www.aon.es\/profesionales\/seme\/wp-content\/uploads\/sites\/9\/2026\/02\/LOGO-RELYENS-300x144.png","datePublished":"2022-06-01T15:26:14+00:00","dateModified":"2026-02-12T07:32:19+00:00","breadcrumb":{"@id":"https:\/\/www.aon.es\/profesionales\/seme\/seguros-medicina-estetica\/#breadcrumb"},"inLanguage":"es","potentialAction":[{"@type":"ReadAction","target":["https:\/\/www.aon.es\/profesionales\/seme\/seguros-medicina-estetica\/"]}]},{"@type":"ImageObject","inLanguage":"es","@id":"https:\/\/www.aon.es\/profesionales\/seme\/seguros-medicina-estetica\/#primaryimage","url":"https:\/\/www.aon.es\/profesionales\/seme\/wp-content\/uploads\/sites\/9\/2026\/02\/LOGO-RELYENS-scaled.png","contentUrl":"https:\/\/www.aon.es\/profesionales\/seme\/wp-content\/uploads\/sites\/9\/2026\/02\/LOGO-RELYENS-scaled.png","width":2560,"height":1225,"caption":"LOGO RELYENS"},{"@type":"BreadcrumbList","@id":"https:\/\/www.aon.es\/profesionales\/seme\/seguros-medicina-estetica\/#breadcrumb","itemListElement":[{"@type":"ListItem","position":1,"name":"Home","item":"https:\/\/www.aon.es\/profesionales\/seme\/seguros-medicina-estetica\/"},{"@type":"ListItem","position":2,"name":"Seguros para profesionales de la medicina est\u00e9tica"}]},{"@type":"WebSite","@id":"https:\/\/www.aon.es\/profesionales\/seme\/#website","url":"https:\/\/www.aon.es\/profesionales\/seme\/","name":"Sociedad Espa\u00f1ola de Medicina est\u00e9tica","description":"Seguros para la Sociedad Espa\u00f1ola de Medicina est\u00e9tica","potentialAction":[{"@type":"SearchAction","target":{"@type":"EntryPoint","urlTemplate":"https:\/\/www.aon.es\/profesionales\/seme\/?s={search_term_string}"},"query-input":{"@type":"PropertyValueSpecification","valueRequired":true,"valueName":"search_term_string"}}],"inLanguage":"es"}]}},"_links":{"self":[{"href":"https:\/\/www.aon.es\/profesionales\/seme\/wp-json\/wp\/v2\/pages\/22","targetHints":{"allow":["GET"]}}],"collection":[{"href":"https:\/\/www.aon.es\/profesionales\/seme\/wp-json\/wp\/v2\/pages"}],"about":[{"href":"https:\/\/www.aon.es\/profesionales\/seme\/wp-json\/wp\/v2\/types\/page"}],"author":[{"embeddable":true,"href":"https:\/\/www.aon.es\/profesionales\/seme\/wp-json\/wp\/v2\/users\/10"}],"replies":[{"embeddable":true,"href":"https:\/\/www.aon.es\/profesionales\/seme\/wp-json\/wp\/v2\/comments?post=22"}],"version-history":[{"count":133,"href":"https:\/\/www.aon.es\/profesionales\/seme\/wp-json\/wp\/v2\/pages\/22\/revisions"}],"predecessor-version":[{"id":390,"href":"https:\/\/www.aon.es\/profesionales\/seme\/wp-json\/wp\/v2\/pages\/22\/revisions\/390"}],"wp:attachment":[{"href":"https:\/\/www.aon.es\/profesionales\/seme\/wp-json\/wp\/v2\/media?parent=22"}],"curies":[{"name":"wp","href":"https:\/\/api.w.org\/{rel}","templated":true}]}}