{"id":2779,"date":"2023-08-01T13:40:46","date_gmt":"2023-08-01T11:40:46","guid":{"rendered":"https:\/\/www.aon.es\/site\/segurocomunidades\/?page_id=2779"},"modified":"2023-08-01T14:13:24","modified_gmt":"2023-08-01T12:13:24","slug":"reale","status":"publish","type":"page","link":"https:\/\/www.aon.es\/site\/segurocomunidades\/mejores-seguros-comunidades-vecinos\/reale\/","title":{"rendered":"Seguro de comunidades Reale"},"content":{"rendered":"\n<style type=\"text\/css\" data-created_by=\"avia_inline_auto\" id=\"style-css-av-9lhg14-642c65d01f08e275ceaf1d5abe65672e\">\n.avia-section.av-9lhg14-642c65d01f08e275ceaf1d5abe65672e{\nbackground-repeat:no-repeat;\nbackground-image:url(https:\/\/www.aon.es\/site\/segurocomunidades\/wp-content\/uploads\/sites\/123\/2023\/08\/fachadas-geometricas-edificio-residencial.jpg);\nbackground-position:50% 50%;\nbackground-attachment:scroll;\n}\n.avia-section.av-9lhg14-642c65d01f08e275ceaf1d5abe65672e .av-section-color-overlay{\nopacity:0.4;\nbackground-color:#000000;\n}\n<\/style>\n<div id='av_section_1'  class='avia-section av-9lhg14-642c65d01f08e275ceaf1d5abe65672e main_color avia-section-default avia-no-border-styling  avia-builder-el-0  el_before_av_section  avia-builder-el-first  avia-full-stretch avia-bg-style-scroll av-section-color-overlay-active container_wrap sidebar_right'  data-section-bg-repeat='stretch'><div class=\"av-section-color-overlay-wrap\"><div class=\"av-section-color-overlay\"><\/div><div class='container av-section-cont-open' ><main  role=\"main\" itemprop=\"mainContentOfPage\"  class='template-page content  av-content-small alpha units'><div class='post-entry post-entry-type-page post-entry-2779'><div class='entry-content-wrapper clearfix'>\n<div  class='flex_column av-sdz8o-a6f2c6d13cd57d26262c2c9a2cc31891 av_three_fifth  avia-builder-el-1  avia-builder-el-no-sibling  first flex_column_div  '     ><p>\n<style type=\"text\/css\" data-created_by=\"avia_inline_auto\" id=\"style-css-av-ktybkajo-5ea15c10bc6ac7eb850745510176732a\">\n#top .hr.hr-invisible.av-ktybkajo-5ea15c10bc6ac7eb850745510176732a{\nheight:20px;\n}\n<\/style>\n<div  class='hr av-ktybkajo-5ea15c10bc6ac7eb850745510176732a hr-invisible  avia-builder-el-2  el_before_av_hr  avia-builder-el-first '><span class='hr-inner '><span class=\"hr-inner-style\"><\/span><\/span><\/div><br \/>\n\n<style type=\"text\/css\" data-created_by=\"avia_inline_auto\" id=\"style-css-av-69llns-eb291c82505eb708c140677080cce9d4\">\n#top .hr.hr-invisible.av-69llns-eb291c82505eb708c140677080cce9d4{\nheight:20px;\n}\n<\/style>\n<div  class='hr av-69llns-eb291c82505eb708c140677080cce9d4 hr-invisible  avia-builder-el-3  el_after_av_hr  el_before_av_hr '><span class='hr-inner '><span class=\"hr-inner-style\"><\/span><\/span><\/div><br \/>\n\n<style type=\"text\/css\" data-created_by=\"avia_inline_auto\" id=\"style-css-av-ecd2w-a21b7994b72ea21a413ad7c7278f8e7c\">\n#top .hr.hr-invisible.av-ecd2w-a21b7994b72ea21a413ad7c7278f8e7c{\nheight:20px;\n}\n<\/style>\n<div  class='hr av-ecd2w-a21b7994b72ea21a413ad7c7278f8e7c hr-invisible  avia-builder-el-4  el_after_av_hr  el_before_av_textblock '><span class='hr-inner '><span class=\"hr-inner-style\"><\/span><\/span><\/div><br \/>\n<section  class='av_textblock_section av-ktybpbut-74ee61556fb2a2bda8c22100794638c2 '   itemscope=\"itemscope\" itemtype=\"https:\/\/schema.org\/CreativeWork\" ><div class='avia_textblock'  itemprop=\"text\" ><h1><span style=\"color: #ffffff\"><strong>El seguro de comunidades de propietarios de Reale<\/strong><\/span><\/h1>\n<\/div><\/section><br \/>\n\n<style type=\"text\/css\" data-created_by=\"avia_inline_auto\" id=\"style-css-av-1tucwo-5644e6b28d3d874bf18f9322fd4bc704\">\n#top .hr.hr-invisible.av-1tucwo-5644e6b28d3d874bf18f9322fd4bc704{\nheight:20px;\n}\n<\/style>\n<div  class='hr av-1tucwo-5644e6b28d3d874bf18f9322fd4bc704 hr-invisible  avia-builder-el-6  el_after_av_textblock  el_before_av_button '><span class='hr-inner '><span class=\"hr-inner-style\"><\/span><\/span><\/div><br \/>\n<div  class='avia-button-wrap av-ku8d70n8-8b742018a1eca038800a9bac08196326-wrap avia-button-left  avia-builder-el-7  el_after_av_hr  el_before_av_hr '>\n<style type=\"text\/css\" data-created_by=\"avia_inline_auto\" id=\"style-css-av-ku8d70n8-8b742018a1eca038800a9bac08196326\">\n#top #wrap_all .avia-button.av-ku8d70n8-8b742018a1eca038800a9bac08196326{\nbackground-color:#eb0017;\nborder-color:#eb0017;\nborder-radius:4px 4px 4px 4px;\ntransition:all 0.4s ease-in-out;\n}\n#top #wrap_all .avia-button.av-ku8d70n8-8b742018a1eca038800a9bac08196326:hover{\nbackground-color:#ca110f;\ncolor:white;\ntransition:all 0.4s ease-in-out;\n}\n#top #wrap_all.avia-button.av-ku8d70n8-8b742018a1eca038800a9bac08196326:hover .avia_button_background{\nborder-radius:4px 4px 4px 4px;\n}\n#top #wrap_all .avia-button.av-ku8d70n8-8b742018a1eca038800a9bac08196326:hover .avia-svg-icon svg:first-child{\nfill:white;\nstroke:white;\n}\n<\/style>\n<a href='https:\/\/www.aon.es\/site\/segurocomunidades\/'  class='avia-button av-ku8d70n8-8b742018a1eca038800a9bac08196326 av-link-btn avia-icon_select-no avia-size-large avia-position-left avia-font-color-theme-color'   aria-label=\"Solicitar presupuesto\"><span class='avia_iconbox_title' >Solicitar presupuesto<\/span><\/a><\/div><br \/>\n\n<style type=\"text\/css\" data-created_by=\"avia_inline_auto\" id=\"style-css-av-1xitfc-a478798b0a07b183eb2b6d9d1a17b2f6\">\n#top .hr.hr-invisible.av-1xitfc-a478798b0a07b183eb2b6d9d1a17b2f6{\nheight:20px;\n}\n<\/style>\n<div  class='hr av-1xitfc-a478798b0a07b183eb2b6d9d1a17b2f6 hr-invisible  avia-builder-el-8  el_after_av_button  avia-builder-el-last '><span class='hr-inner '><span class=\"hr-inner-style\"><\/span><\/span><\/div><\/p><\/div>\n\n<\/div><\/div><\/main><!-- close content main element --><\/div><\/div><\/div><div id='av_section_2'  class='avia-section av-5mx788-7259e81ea1dbb6334b6678e2bf1cf452 main_color avia-section-default avia-no-border-styling  avia-builder-el-9  el_after_av_section  el_before_av_section  avia-bg-style-scroll container_wrap sidebar_right'  ><div class='container av-section-cont-open' ><div class='template-page content  av-content-small alpha units'><div class='post-entry post-entry-type-page post-entry-2779'><div class='entry-content-wrapper clearfix'>\n\n<style type=\"text\/css\" data-created_by=\"avia_inline_auto\" id=\"style-css-av-83a548-1f9ab80b5326b98b6f37b77add772880\">\n#top .hr.hr-invisible.av-83a548-1f9ab80b5326b98b6f37b77add772880{\nheight:20px;\n}\n<\/style>\n<div  class='hr av-83a548-1f9ab80b5326b98b6f37b77add772880 hr-invisible  avia-builder-el-10  el_before_av_hr  avia-builder-el-first '><span class='hr-inner '><span class=\"hr-inner-style\"><\/span><\/span><\/div>\n\n<style type=\"text\/css\" data-created_by=\"avia_inline_auto\" id=\"style-css-av-58fanc-913a443beab267b84f8e27fb02fdc4d7\">\n#top .hr.hr-invisible.av-58fanc-913a443beab267b84f8e27fb02fdc4d7{\nheight:20px;\n}\n<\/style>\n<div  class='hr av-58fanc-913a443beab267b84f8e27fb02fdc4d7 hr-invisible  avia-builder-el-11  el_after_av_hr  el_before_av_textblock '><span class='hr-inner '><span class=\"hr-inner-style\"><\/span><\/span><\/div>\n<section  class='av_textblock_section av-1z1oqg-be1304bca81bf0ebf682935b43832d03 '   itemscope=\"itemscope\" itemtype=\"https:\/\/schema.org\/CreativeWork\" ><div class='avia_textblock'  itemprop=\"text\" ><p>El seguro de comunidades Reale ofrece una excelente relaci\u00f3n de coberturas y garant\u00edas para proteger adecuadamente distintos tipos de comunidades de propietarios. Tambi\u00e9n es una opci\u00f3n para propietarios \u00fanicos de edificios de viviendas.<\/p>\n<p>Como otras p\u00f3lizas del mercado, permite contratar un paquete de coberturas b\u00e1sicas (incendio, responsabilidad civil, da\u00f1os por agua, robo, \u2026) que puede ser complementado por una amplia gama de garant\u00edas opcionales. Esta flexibilidad permite ajustar el seguro a las necesidades concretas de cada comunidad.<\/p>\n<p><strong>Reale es un grupo asegurador con cerca de 200 a\u00f1os de historia, que act\u00faa en el mercado espa\u00f1ol desde 1988. En el ranking de seguros multirriesgo, se encuentra entre las 10 aseguradoras m\u00e1s relevantes de Espa\u00f1a por volumen de negocio.<\/strong><\/p>\n<\/div><\/section>\n\n<style type=\"text\/css\" data-created_by=\"avia_inline_auto\" id=\"style-css-av-4f5748-6ece8b985e21741ce05d4c787c9fe4f7\">\n#top .hr.hr-invisible.av-4f5748-6ece8b985e21741ce05d4c787c9fe4f7{\nheight:20px;\n}\n<\/style>\n<div  class='hr av-4f5748-6ece8b985e21741ce05d4c787c9fe4f7 hr-invisible  avia-builder-el-13  el_after_av_textblock  el_before_av_hr '><span class='hr-inner '><span class=\"hr-inner-style\"><\/span><\/span><\/div>\n\n<style type=\"text\/css\" data-created_by=\"avia_inline_auto\" id=\"style-css-av-610qw7-b1209ddb2dbf0a0636a5673342acae8b\">\n#top .hr.hr-invisible.av-610qw7-b1209ddb2dbf0a0636a5673342acae8b{\nheight:20px;\n}\n<\/style>\n<div  class='hr av-610qw7-b1209ddb2dbf0a0636a5673342acae8b hr-invisible  avia-builder-el-14  el_after_av_hr  el_before_av_textblock '><span class='hr-inner '><span class=\"hr-inner-style\"><\/span><\/span><\/div>\n<section  class='av_textblock_section av-4c13mg-0485cf3582284d8d2df2da23bb70bbd9 '   itemscope=\"itemscope\" itemtype=\"https:\/\/schema.org\/CreativeWork\" ><div class='avia_textblock'  itemprop=\"text\" ><h2><strong>Coberturas b\u00e1sicas<\/strong><\/h2>\n<\/div><\/section>\n\n<style type=\"text\/css\" data-created_by=\"avia_inline_auto\" id=\"style-css-av-3h4x3r-94bd046bb37ede3f2674f1b25d4a3da0\">\n#top .hr.hr-invisible.av-3h4x3r-94bd046bb37ede3f2674f1b25d4a3da0{\nheight:20px;\n}\n<\/style>\n<div  class='hr av-3h4x3r-94bd046bb37ede3f2674f1b25d4a3da0 hr-invisible  avia-builder-el-16  el_after_av_textblock  el_before_av_textblock '><span class='hr-inner '><span class=\"hr-inner-style\"><\/span><\/span><\/div>\n<section  class='av_textblock_section av-2zxpfr-1dc9e5f3383682c2673d184f1d63b03a '   itemscope=\"itemscope\" itemtype=\"https:\/\/schema.org\/CreativeWork\" ><div class='avia_textblock'  itemprop=\"text\" ><ul>\n<li>Incendio, explosi\u00f3n o ca\u00edda de rayo.<\/li>\n<li>Extensi\u00f3n de garant\u00edas: da\u00f1os causados por lluvia, viento, pedrisco y nieve, inundaci\u00f3n, humo, impacto de veh\u00edculos terrestres y aeronaves, ondas s\u00f3nicas, aludes de nieve, desprendimientos de rocas, gastos de desembarre y extracci\u00f3n de lodos, acciones tumultuarias y huelgas, actos vand\u00e1licos, derrame accidental de l\u00edquidos almacenados en dep\u00f3sitos para calefacci\u00f3n, etc.<\/li>\n<li>Da\u00f1os el\u00e9ctricos: se cubren los da\u00f1os causados en las instalaciones el\u00e9ctricas, aparatos electr\u00f3nicos, ascensores, etc. como consecuencia de cortocircuitos, ca\u00edda de rayo o alteraciones en la red el\u00e9ctrica.<\/li>\n<li>Da\u00f1os por agua a elementos comunes: da\u00f1os ocasionados por la rotura de tuber\u00edas comunitarias, la omisi\u00f3n de cierre de llaves de paso, gastos de localizaci\u00f3n y reparaci\u00f3n, gastos de exceso de consumo de agua a causa de la aver\u00eda o los da\u00f1os debidos a heladas en elementos comunitarios.<\/li>\n<li>Robo, da\u00f1os por robo, expoliaci\u00f3n y hurto de elementos comunes<\/li>\n<li>Roturas de elementos comunitarios: se cubren los da\u00f1os materiales por roturas accidentales<\/li>\n<li>Da\u00f1os est\u00e9ticos, incluyendo la recomposici\u00f3n est\u00e9tica.<\/li>\n<li>Responsabilidad Civil: da\u00f1os a terceros, da\u00f1os de los empleados comunitarios a terceros, etc.<\/li>\n<li>Responsabilidad Civil de da\u00f1os causados por agua, roturas o filtraciones, originados en las conducciones comunitarias.<\/li>\n<li>Reclamaci\u00f3n por los da\u00f1os materiales causados por terceros a la comunidad.<\/li>\n<li>Gastos de peritaci\u00f3n de los siniestros amparados por el Consorcio de Compensaci\u00f3n de Seguros<\/li>\n<li>Asesor\u00eda jur\u00eddica telef\u00f3nica<\/li>\n<li>Reposici\u00f3n de documentos p\u00fablicos destruidos por un incendio, vandalismo, humo, da\u00f1os por agua, robo o expoliaci\u00f3n, fen\u00f3menos meteorol\u00f3gicos e impacto.<\/li>\n<li>Gesti\u00f3n documental.<\/li>\n<li>ServiEdificios: conexi\u00f3n de profesionales con asistencia las 24 horas del d\u00eda, los 365 d\u00edas del a\u00f1o.<\/li>\n<li>Bricomunidad: Servicio de asistencia para ejecutar peque\u00f1os trabajos de reparaci\u00f3n o mantenimiento del edificio asegurado (alba\u00f1iler\u00eda, electricidad, fontaner\u00eda, cerrajer\u00eda y cristaler\u00eda).<\/li>\n<li>Control de plagas de ratas, ratones y cucarachas en la comunidad de vecinos.<\/li>\n<\/ul>\n<\/div><\/section>\n\n<style type=\"text\/css\" data-created_by=\"avia_inline_auto\" id=\"style-css-av-av_hr-82f5be0ae0af6a64fe3091010b237709\">\n#top .hr.hr-invisible.av-av_hr-82f5be0ae0af6a64fe3091010b237709{\nheight:20px;\n}\n<\/style>\n<div  class='hr av-av_hr-82f5be0ae0af6a64fe3091010b237709 hr-invisible  avia-builder-el-18  el_after_av_textblock  el_before_av_textblock '><span class='hr-inner '><span class=\"hr-inner-style\"><\/span><\/span><\/div>\n<section  class='av_textblock_section av-lks9fap2-bfda0f051eb1d0beb0661de4a8281b55 '   itemscope=\"itemscope\" itemtype=\"https:\/\/schema.org\/CreativeWork\" ><div class='avia_textblock'  itemprop=\"text\" ><h2><strong>Coberturas opcionales<\/strong><\/h2>\n<\/div><\/section>\n<section  class='av_textblock_section av-ku3v0i9f-cb5c20462e0568ae2d2e9311a7834fa4 '   itemscope=\"itemscope\" itemtype=\"https:\/\/schema.org\/CreativeWork\" ><div class='avia_textblock'  itemprop=\"text\" ><p>Entre las principales coberturas complementarias del seguro de comunidades de vecinos de Reale destacamos:<\/p>\n<ul>\n<li style=\"list-style-type: none\">\n<ul>\n<li>Responsabilidad Civil de la Junta Rectora: cubre los da\u00f1os y perjuicios que el presidente y\/o los miembros de la junta rectora de la comunidad puedan causar en el ejercicio de sus funciones a la propia comunidad o a tercero, o por incumplimiento de acuerdos aprobados en junta.<\/li>\n<li>Responsabilidad Civil Patronal que cubre posibles reclamaciones como consecuencia de un accidente laboral sufrido por los empleados de la comunidad.<\/li>\n<li>Responsabilidad Civil por Contaminaci\u00f3n Accidental exigible a la comunidad por los da\u00f1os materiales causados involuntariamente a terceros o a los recursos naturales por contaminaci\u00f3n accidental, s\u00fabita e imprevista.<\/li>\n<li>Accidentes personales de los empleados de la comunidad de vecinos en el ejercicio de su actividad profesional.<\/li>\n<li>Infidelidad de empleados (por ejemplo, el robo, la expoliaci\u00f3n o el hurto de bienes asegurados de la comunidad o el uso fraudulento de tarjetas bancarias de la comunidad).<\/li>\n<li>Aver\u00eda de maquinaria fija<\/li>\n<li>Actos vand\u00e1licos de bienes en las zonas comunitarias situadas al aire libre, pero teniendo en cuenta que deben ser zonas no de libre acceso sino cerradas convenientemente.<\/li>\n<li>Robo de objetos art\u00edsticos o de valor especial que se encuentren en las zonas comunitarias.<\/li>\n<li>Veh\u00edculos en garaje: esta garant\u00eda cubre los da\u00f1os a veh\u00edculos de uso particular mientras est\u00e9n aparcados en el garaje comunitarios como consecuencia de incendio, explosi\u00f3n, ca\u00edda del rayo, robo o da\u00f1os por robo.<\/li>\n<li>Pago del alquiler de viviendas y locales por Inhabitabilidad del edificio como consecuencia de un incendio.<\/li>\n<li>Ruina total por da\u00f1os materiales sobre elementos estructurales como consecuencia de obras de construcci\u00f3n o de reforma realizadas por terceros y distintas de las realizadas en la Comunidad de propietarios.<\/li>\n<li>Replantaci\u00f3n de arboleda como consecuencia de incendios, explosiones, ca\u00eddas de Rayos, choque de veh\u00edculos ajenos, trabajos de extinci\u00f3n, etc.<\/li>\n<li>Responsabilidad Civil de da\u00f1os por agua de elementos privativos<\/li>\n<li>Da\u00f1os por agua en elementos privativos<\/li>\n<li>Da\u00f1os al Continente por robo de elementos privativos.<\/li>\n<li>Da\u00f1os el\u00e9ctricos de elementos privativos.<\/li>\n<li>Da\u00f1os est\u00e9ticos en elementos privativos.<\/li>\n<li>Protecci\u00f3n jur\u00eddica: el seguro de comunidades de Reale incluye adicionalmente la reclamaci\u00f3n a los vecinos propietarios por impago de gastos de la comunidad.<\/li>\n<\/ul>\n<\/li>\n<\/ul>\n<\/div><\/section>\n<\/div><\/div><\/div><!-- close content main div --><\/div><\/div>\n<style type=\"text\/css\" data-created_by=\"avia_inline_auto\" id=\"style-css-av-44ywe0-039e7b560489caa83bb3e4649bf34f71\">\n.avia-section.av-44ywe0-039e7b560489caa83bb3e4649bf34f71{\nbackground-color:#0f2d4f;\nbackground-image:unset;\n}\n<\/style>\n<div id='av_section_3'  class='avia-section av-44ywe0-039e7b560489caa83bb3e4649bf34f71 main_color avia-section-default avia-no-border-styling  avia-builder-el-21  el_after_av_section  avia-builder-el-last  avia-bg-style-scroll container_wrap sidebar_right'  ><div class='container av-section-cont-open' ><div class='template-page content  av-content-small alpha units'><div class='post-entry post-entry-type-page post-entry-2779'><div class='entry-content-wrapper clearfix'>\n\n<style type=\"text\/css\" data-created_by=\"avia_inline_auto\" id=\"style-css-av-ktyd7d4g-60a9893399b665f5c48e1c113875e3b3\">\n#top .av_textblock_section.av-ktyd7d4g-60a9893399b665f5c48e1c113875e3b3 .avia_textblock{\ncolor:#ffffff;\n}\n<\/style>\n<section  class='av_textblock_section av-ktyd7d4g-60a9893399b665f5c48e1c113875e3b3 '   itemscope=\"itemscope\" itemtype=\"https:\/\/schema.org\/CreativeWork\" ><div class='avia_textblock av_inherit_color'  itemprop=\"text\" ><h2><strong><span style=\"color: #ffffff\">Valoraci\u00f3n seguro comunidades Reale<\/span><\/strong><\/h2>\n<\/div><\/section>\n\n<style type=\"text\/css\" data-created_by=\"avia_inline_auto\" id=\"style-css-av-3lzdyv-60cdfd5bd48e3bbf7095127b777782ed\">\n#top .hr.hr-invisible.av-3lzdyv-60cdfd5bd48e3bbf7095127b777782ed{\nheight:20px;\n}\n<\/style>\n<div  class='hr av-3lzdyv-60cdfd5bd48e3bbf7095127b777782ed hr-invisible  avia-builder-el-23  el_after_av_textblock  el_before_av_textblock '><span class='hr-inner '><span class=\"hr-inner-style\"><\/span><\/span><\/div>\n\n<style type=\"text\/css\" data-created_by=\"avia_inline_auto\" id=\"style-css-av-ktyd7rwq-adaf8a5aebff470cfde3124187292a62\">\n#top .av_textblock_section.av-ktyd7rwq-adaf8a5aebff470cfde3124187292a62 .avia_textblock{\ncolor:#ffffff;\n}\n<\/style>\n<section  class='av_textblock_section av-ktyd7rwq-adaf8a5aebff470cfde3124187292a62 '   itemscope=\"itemscope\" itemtype=\"https:\/\/schema.org\/CreativeWork\" ><div class='avia_textblock av_inherit_color'  itemprop=\"text\" ><p>Reale ofrece <strong>uno de los seguros de comunidades m\u00e1s completos del mercado.<\/strong><\/p>\n<p>Entre las garant\u00edas que ofrece esta compa\u00f1\u00eda aseguradora y que otras aseguradoras no siempre ofrecen destacan las siguientes:<\/p>\n<ul>\n<li>Filtraciones de aguas de zonas comunes<\/li>\n<li>Desatascos en las conducciones comunitarias, con y sin existencia de da\u00f1os previos<\/li>\n<li>Control de plagas<\/li>\n<li>Ampliaci\u00f3n da\u00f1os est\u00e9ticos a zonas privativas ante siniestyros con origen en instalaciones comunitarias.<\/li>\n<li>Cobertura del exceso de consumo de agua<\/li>\n<li>Ruina total o derrumbe accidental del edificio<\/li>\n<li>Protecci\u00f3n jur\u00eddica que incluye la reclamaci\u00f3n a vecinos morosos de los impagos a la comunidad.<\/li>\n<\/ul>\n<p>Adem\u00e1s, el seguro de comunidades Reale <strong>ofrece la posibilidad de eliminar franquicias en comunidades de hasta 40 a\u00f1os de antig\u00fcedad.<\/strong> En otras aseguradoras existen franquicias siempre o se aplican a partir de los 35 a\u00f1os del edificio. A partir de los 40 a\u00f1os ofrece una franquicia de 150\u20ac. Finalmente, a partir de los 50 a\u00f1os, la franquicia fija es de 300\u20ac.<\/p>\n<p><strong>Si necesitas un an\u00e1lisis objetivo entre Reale y las distintas compa\u00f1\u00edas aseguradoras especialistas en seguros para comunidades, solic\u00edtanoslo sin compromiso.<\/strong><\/p>\n<\/div><\/section>\n\n<style type=\"text\/css\" data-created_by=\"avia_inline_auto\" id=\"style-css-av-2dx3fc-3555920f2756a9e5fa0f9c1344769d04\">\n#top .hr.hr-invisible.av-2dx3fc-3555920f2756a9e5fa0f9c1344769d04{\nheight:20px;\n}\n<\/style>\n<div  class='hr av-2dx3fc-3555920f2756a9e5fa0f9c1344769d04 hr-invisible  avia-builder-el-25  el_after_av_textblock  el_before_av_button '><span class='hr-inner '><span class=\"hr-inner-style\"><\/span><\/span><\/div>\n<div  class='avia-button-wrap av-2ydjtz-a37525d3ab90c730abac7f9e573219b1-wrap avia-button-left  avia-builder-el-26  el_after_av_hr  avia-builder-el-last '>\n<style type=\"text\/css\" data-created_by=\"avia_inline_auto\" id=\"style-css-av-2ydjtz-a37525d3ab90c730abac7f9e573219b1\">\n#top #wrap_all .avia-button.av-2ydjtz-a37525d3ab90c730abac7f9e573219b1:hover{\ncolor:white;\ntransition:all 0.4s ease-in-out;\n}\n#top #wrap_all .avia-button.av-2ydjtz-a37525d3ab90c730abac7f9e573219b1:hover .avia-svg-icon svg:first-child{\nfill:white;\nstroke:white;\n}\n<\/style>\n<a href='https:\/\/www.aon.es\/site\/segurocomunidades\/'  class='avia-button av-2ydjtz-a37525d3ab90c730abac7f9e573219b1 av-link-btn avia-icon_select-no avia-size-large avia-position-left avia-color-light avia-font-color-theme-color'   aria-label=\"Solicitar presupuesto\"><span class='avia_iconbox_title' >Solicitar presupuesto<\/span><span class='avia_button_background avia-button avia-color-theme-color-highlight' ><\/span><\/a><\/div>\n<\/div><\/div><\/div><!-- close content main div --><\/div><\/div><div id='after_section_3'  class='main_color av_default_container_wrap container_wrap sidebar_right'  ><div class='container av-section-cont-open' ><div class='template-page content  av-content-small alpha units'><div class='post-entry post-entry-type-page post-entry-2779'><div class='entry-content-wrapper clearfix'><\/p>\n","protected":false},"excerpt":{"rendered":"","protected":false},"author":47,"featured_media":2781,"parent":1417,"menu_order":0,"comment_status":"closed","ping_status":"closed","template":"","meta":{"footnotes":""},"class_list":["post-2779","page","type-page","status-publish","has-post-thumbnail","hentry"],"yoast_head":"<!-- This site is optimized with the Yoast SEO plugin v27.5 - https:\/\/yoast.com\/product\/yoast-seo-wordpress\/ -->\n<title>Seguro de comunidades Reale - Aon Comunidades<\/title>\n<meta name=\"description\" content=\"Analizamos el seguro de comunidades de Caser: garant\u00edas, l\u00edmites, etc. En Aon comparamos todo el mercado y te asesoramos para elegir mejor.\" \/>\n<meta name=\"robots\" content=\"index, follow, max-snippet:-1, max-image-preview:large, max-video-preview:-1\" \/>\n<link rel=\"canonical\" href=\"https:\/\/www.aon.es\/site\/segurocomunidades\/mejores-seguros-comunidades-vecinos\/reale\/\" \/>\n<meta property=\"og:locale\" content=\"es_ES\" \/>\n<meta property=\"og:type\" content=\"article\" \/>\n<meta property=\"og:title\" content=\"Seguro de comunidades Reale - Aon Comunidades\" \/>\n<meta property=\"og:description\" content=\"Analizamos el seguro de comunidades de Caser: garant\u00edas, l\u00edmites, etc. En Aon comparamos todo el mercado y te asesoramos para elegir mejor.\" \/>\n<meta property=\"og:url\" content=\"https:\/\/www.aon.es\/site\/segurocomunidades\/mejores-seguros-comunidades-vecinos\/reale\/\" \/>\n<meta property=\"og:site_name\" content=\"Aon Comunidades\" \/>\n<meta property=\"article:publisher\" content=\"https:\/\/es-es.facebook.com\/Aonplc\" \/>\n<meta property=\"article:modified_time\" content=\"2023-08-01T12:13:24+00:00\" \/>\n<meta property=\"og:image\" content=\"https:\/\/www.aon.es\/site\/segurocomunidades\/wp-content\/uploads\/sites\/123\/2023\/08\/fachadas-geometricas-edificio-residencial.jpg\" \/>\n\t<meta property=\"og:image:width\" content=\"1500\" \/>\n\t<meta property=\"og:image:height\" content=\"1000\" \/>\n\t<meta property=\"og:image:type\" content=\"image\/jpeg\" \/>\n<meta name=\"twitter:card\" content=\"summary_large_image\" \/>\n<meta name=\"twitter:site\" content=\"@Aon_Espana\" \/>\n<script type=\"application\/ld+json\" class=\"yoast-schema-graph\">{\"@context\":\"https:\\\/\\\/schema.org\",\"@graph\":[{\"@type\":\"WebPage\",\"@id\":\"https:\\\/\\\/www.aon.es\\\/site\\\/segurocomunidades\\\/mejores-seguros-comunidades-vecinos\\\/reale\\\/\",\"url\":\"https:\\\/\\\/www.aon.es\\\/site\\\/segurocomunidades\\\/mejores-seguros-comunidades-vecinos\\\/reale\\\/\",\"name\":\"Seguro de comunidades Reale - Aon Comunidades\",\"isPartOf\":{\"@id\":\"https:\\\/\\\/www.aon.es\\\/site\\\/segurocomunidades\\\/#website\"},\"primaryImageOfPage\":{\"@id\":\"https:\\\/\\\/www.aon.es\\\/site\\\/segurocomunidades\\\/mejores-seguros-comunidades-vecinos\\\/reale\\\/#primaryimage\"},\"image\":{\"@id\":\"https:\\\/\\\/www.aon.es\\\/site\\\/segurocomunidades\\\/mejores-seguros-comunidades-vecinos\\\/reale\\\/#primaryimage\"},\"thumbnailUrl\":\"https:\\\/\\\/www.aon.es\\\/site\\\/segurocomunidades\\\/wp-content\\\/uploads\\\/sites\\\/123\\\/2023\\\/08\\\/fachadas-geometricas-edificio-residencial.jpg\",\"datePublished\":\"2023-08-01T11:40:46+00:00\",\"dateModified\":\"2023-08-01T12:13:24+00:00\",\"description\":\"Analizamos el seguro de comunidades de Caser: garant\u00edas, l\u00edmites, etc. En Aon comparamos todo el mercado y te asesoramos para elegir mejor.\",\"breadcrumb\":{\"@id\":\"https:\\\/\\\/www.aon.es\\\/site\\\/segurocomunidades\\\/mejores-seguros-comunidades-vecinos\\\/reale\\\/#breadcrumb\"},\"inLanguage\":\"es\",\"potentialAction\":[{\"@type\":\"ReadAction\",\"target\":[\"https:\\\/\\\/www.aon.es\\\/site\\\/segurocomunidades\\\/mejores-seguros-comunidades-vecinos\\\/reale\\\/\"]}]},{\"@type\":\"ImageObject\",\"inLanguage\":\"es\",\"@id\":\"https:\\\/\\\/www.aon.es\\\/site\\\/segurocomunidades\\\/mejores-seguros-comunidades-vecinos\\\/reale\\\/#primaryimage\",\"url\":\"https:\\\/\\\/www.aon.es\\\/site\\\/segurocomunidades\\\/wp-content\\\/uploads\\\/sites\\\/123\\\/2023\\\/08\\\/fachadas-geometricas-edificio-residencial.jpg\",\"contentUrl\":\"https:\\\/\\\/www.aon.es\\\/site\\\/segurocomunidades\\\/wp-content\\\/uploads\\\/sites\\\/123\\\/2023\\\/08\\\/fachadas-geometricas-edificio-residencial.jpg\",\"width\":1500,\"height\":1000},{\"@type\":\"BreadcrumbList\",\"@id\":\"https:\\\/\\\/www.aon.es\\\/site\\\/segurocomunidades\\\/mejores-seguros-comunidades-vecinos\\\/reale\\\/#breadcrumb\",\"itemListElement\":[{\"@type\":\"ListItem\",\"position\":1,\"name\":\"Portada\",\"item\":\"https:\\\/\\\/www.aon.es\\\/site\\\/segurocomunidades\\\/inicio\\\/\"},{\"@type\":\"ListItem\",\"position\":2,\"name\":\"Los mejores seguros de comunidades de vecinos\",\"item\":\"https:\\\/\\\/www.aon.es\\\/site\\\/segurocomunidades\\\/mejores-seguros-comunidades-vecinos\\\/\"},{\"@type\":\"ListItem\",\"position\":3,\"name\":\"Seguro de comunidades Reale\"}]},{\"@type\":\"WebSite\",\"@id\":\"https:\\\/\\\/www.aon.es\\\/site\\\/segurocomunidades\\\/#website\",\"url\":\"https:\\\/\\\/www.aon.es\\\/site\\\/segurocomunidades\\\/\",\"name\":\"Aon Comunidades\",\"description\":\"Seguros para Comunidades y Administradores de Fincas\",\"publisher\":{\"@id\":\"https:\\\/\\\/www.aon.es\\\/site\\\/segurocomunidades\\\/#organization\"},\"potentialAction\":[{\"@type\":\"SearchAction\",\"target\":{\"@type\":\"EntryPoint\",\"urlTemplate\":\"https:\\\/\\\/www.aon.es\\\/site\\\/segurocomunidades\\\/?s={search_term_string}\"},\"query-input\":{\"@type\":\"PropertyValueSpecification\",\"valueRequired\":true,\"valueName\":\"search_term_string\"}}],\"inLanguage\":\"es\"},{\"@type\":\"Organization\",\"@id\":\"https:\\\/\\\/www.aon.es\\\/site\\\/segurocomunidades\\\/#organization\",\"name\":\"Aon\",\"url\":\"https:\\\/\\\/www.aon.es\\\/site\\\/segurocomunidades\\\/\",\"logo\":{\"@type\":\"ImageObject\",\"inLanguage\":\"es\",\"@id\":\"https:\\\/\\\/www.aon.es\\\/site\\\/segurocomunidades\\\/#\\\/schema\\\/logo\\\/image\\\/\",\"url\":\"\",\"contentUrl\":\"\",\"caption\":\"Aon\"},\"image\":{\"@id\":\"https:\\\/\\\/www.aon.es\\\/site\\\/segurocomunidades\\\/#\\\/schema\\\/logo\\\/image\\\/\"},\"sameAs\":[\"https:\\\/\\\/es-es.facebook.com\\\/Aonplc\",\"https:\\\/\\\/x.com\\\/Aon_Espana\",\"https:\\\/\\\/www.linkedin.com\\\/company\\\/aon\\\/?originalSubdomain=es\",\"https:\\\/\\\/www.youtube.com\\\/channel\\\/UCz25ztsn0FT2ep_FYtEWuDA\",\"https:\\\/\\\/es.wikipedia.org\\\/wiki\\\/Aon\"]}]}<\/script>\n<!-- \/ Yoast SEO plugin. -->","yoast_head_json":{"title":"Seguro de comunidades Reale - Aon Comunidades","description":"Analizamos el seguro de comunidades de Caser: garant\u00edas, l\u00edmites, etc. En Aon comparamos todo el mercado y te asesoramos para elegir mejor.","robots":{"index":"index","follow":"follow","max-snippet":"max-snippet:-1","max-image-preview":"max-image-preview:large","max-video-preview":"max-video-preview:-1"},"canonical":"https:\/\/www.aon.es\/site\/segurocomunidades\/mejores-seguros-comunidades-vecinos\/reale\/","og_locale":"es_ES","og_type":"article","og_title":"Seguro de comunidades Reale - Aon Comunidades","og_description":"Analizamos el seguro de comunidades de Caser: garant\u00edas, l\u00edmites, etc. En Aon comparamos todo el mercado y te asesoramos para elegir mejor.","og_url":"https:\/\/www.aon.es\/site\/segurocomunidades\/mejores-seguros-comunidades-vecinos\/reale\/","og_site_name":"Aon Comunidades","article_publisher":"https:\/\/es-es.facebook.com\/Aonplc","article_modified_time":"2023-08-01T12:13:24+00:00","og_image":[{"width":1500,"height":1000,"url":"https:\/\/www.aon.es\/site\/segurocomunidades\/wp-content\/uploads\/sites\/123\/2023\/08\/fachadas-geometricas-edificio-residencial.jpg","type":"image\/jpeg"}],"twitter_card":"summary_large_image","twitter_site":"@Aon_Espana","schema":{"@context":"https:\/\/schema.org","@graph":[{"@type":"WebPage","@id":"https:\/\/www.aon.es\/site\/segurocomunidades\/mejores-seguros-comunidades-vecinos\/reale\/","url":"https:\/\/www.aon.es\/site\/segurocomunidades\/mejores-seguros-comunidades-vecinos\/reale\/","name":"Seguro de comunidades Reale - Aon Comunidades","isPartOf":{"@id":"https:\/\/www.aon.es\/site\/segurocomunidades\/#website"},"primaryImageOfPage":{"@id":"https:\/\/www.aon.es\/site\/segurocomunidades\/mejores-seguros-comunidades-vecinos\/reale\/#primaryimage"},"image":{"@id":"https:\/\/www.aon.es\/site\/segurocomunidades\/mejores-seguros-comunidades-vecinos\/reale\/#primaryimage"},"thumbnailUrl":"https:\/\/www.aon.es\/site\/segurocomunidades\/wp-content\/uploads\/sites\/123\/2023\/08\/fachadas-geometricas-edificio-residencial.jpg","datePublished":"2023-08-01T11:40:46+00:00","dateModified":"2023-08-01T12:13:24+00:00","description":"Analizamos el seguro de comunidades de Caser: garant\u00edas, l\u00edmites, etc. En Aon comparamos todo el mercado y te asesoramos para elegir mejor.","breadcrumb":{"@id":"https:\/\/www.aon.es\/site\/segurocomunidades\/mejores-seguros-comunidades-vecinos\/reale\/#breadcrumb"},"inLanguage":"es","potentialAction":[{"@type":"ReadAction","target":["https:\/\/www.aon.es\/site\/segurocomunidades\/mejores-seguros-comunidades-vecinos\/reale\/"]}]},{"@type":"ImageObject","inLanguage":"es","@id":"https:\/\/www.aon.es\/site\/segurocomunidades\/mejores-seguros-comunidades-vecinos\/reale\/#primaryimage","url":"https:\/\/www.aon.es\/site\/segurocomunidades\/wp-content\/uploads\/sites\/123\/2023\/08\/fachadas-geometricas-edificio-residencial.jpg","contentUrl":"https:\/\/www.aon.es\/site\/segurocomunidades\/wp-content\/uploads\/sites\/123\/2023\/08\/fachadas-geometricas-edificio-residencial.jpg","width":1500,"height":1000},{"@type":"BreadcrumbList","@id":"https:\/\/www.aon.es\/site\/segurocomunidades\/mejores-seguros-comunidades-vecinos\/reale\/#breadcrumb","itemListElement":[{"@type":"ListItem","position":1,"name":"Portada","item":"https:\/\/www.aon.es\/site\/segurocomunidades\/inicio\/"},{"@type":"ListItem","position":2,"name":"Los mejores seguros de comunidades de vecinos","item":"https:\/\/www.aon.es\/site\/segurocomunidades\/mejores-seguros-comunidades-vecinos\/"},{"@type":"ListItem","position":3,"name":"Seguro de comunidades Reale"}]},{"@type":"WebSite","@id":"https:\/\/www.aon.es\/site\/segurocomunidades\/#website","url":"https:\/\/www.aon.es\/site\/segurocomunidades\/","name":"Aon Comunidades","description":"Seguros para Comunidades y Administradores de Fincas","publisher":{"@id":"https:\/\/www.aon.es\/site\/segurocomunidades\/#organization"},"potentialAction":[{"@type":"SearchAction","target":{"@type":"EntryPoint","urlTemplate":"https:\/\/www.aon.es\/site\/segurocomunidades\/?s={search_term_string}"},"query-input":{"@type":"PropertyValueSpecification","valueRequired":true,"valueName":"search_term_string"}}],"inLanguage":"es"},{"@type":"Organization","@id":"https:\/\/www.aon.es\/site\/segurocomunidades\/#organization","name":"Aon","url":"https:\/\/www.aon.es\/site\/segurocomunidades\/","logo":{"@type":"ImageObject","inLanguage":"es","@id":"https:\/\/www.aon.es\/site\/segurocomunidades\/#\/schema\/logo\/image\/","url":"","contentUrl":"","caption":"Aon"},"image":{"@id":"https:\/\/www.aon.es\/site\/segurocomunidades\/#\/schema\/logo\/image\/"},"sameAs":["https:\/\/es-es.facebook.com\/Aonplc","https:\/\/x.com\/Aon_Espana","https:\/\/www.linkedin.com\/company\/aon\/?originalSubdomain=es","https:\/\/www.youtube.com\/channel\/UCz25ztsn0FT2ep_FYtEWuDA","https:\/\/es.wikipedia.org\/wiki\/Aon"]}]}},"_links":{"self":[{"href":"https:\/\/www.aon.es\/site\/segurocomunidades\/wp-json\/wp\/v2\/pages\/2779","targetHints":{"allow":["GET"]}}],"collection":[{"href":"https:\/\/www.aon.es\/site\/segurocomunidades\/wp-json\/wp\/v2\/pages"}],"about":[{"href":"https:\/\/www.aon.es\/site\/segurocomunidades\/wp-json\/wp\/v2\/types\/page"}],"author":[{"embeddable":true,"href":"https:\/\/www.aon.es\/site\/segurocomunidades\/wp-json\/wp\/v2\/users\/47"}],"replies":[{"embeddable":true,"href":"https:\/\/www.aon.es\/site\/segurocomunidades\/wp-json\/wp\/v2\/comments?post=2779"}],"version-history":[{"count":5,"href":"https:\/\/www.aon.es\/site\/segurocomunidades\/wp-json\/wp\/v2\/pages\/2779\/revisions"}],"predecessor-version":[{"id":2823,"href":"https:\/\/www.aon.es\/site\/segurocomunidades\/wp-json\/wp\/v2\/pages\/2779\/revisions\/2823"}],"up":[{"embeddable":true,"href":"https:\/\/www.aon.es\/site\/segurocomunidades\/wp-json\/wp\/v2\/pages\/1417"}],"wp:featuredmedia":[{"embeddable":true,"href":"https:\/\/www.aon.es\/site\/segurocomunidades\/wp-json\/wp\/v2\/media\/2781"}],"wp:attachment":[{"href":"https:\/\/www.aon.es\/site\/segurocomunidades\/wp-json\/wp\/v2\/media?parent=2779"}],"curies":[{"name":"wp","href":"https:\/\/api.w.org\/{rel}","templated":true}]}}